{"id":1686,"date":"2024-10-20T20:55:06","date_gmt":"2024-10-20T23:55:06","guid":{"rendered":"https:\/\/edit.uta.cl\/disur_prueba\/?page_id=1686"},"modified":"2025-10-16T10:25:42","modified_gmt":"2025-10-16T13:25:42","slug":"estatuto","status":"publish","type":"page","link":"https:\/\/disur.edu.ar\/index.php\/estatuto\/","title":{"rendered":"Estatuto"},"content":{"rendered":"\t\t<div data-elementor-type=\"wp-page\" data-elementor-id=\"1686\" class=\"elementor elementor-1686\" data-elementor-post-type=\"page\">\n\t\t\t\t<div class=\"elementor-element elementor-element-02b6540 e-flex e-con-boxed e-con e-parent\" data-id=\"02b6540\" data-element_type=\"container\" data-settings=\"{&quot;background_background&quot;:&quot;classic&quot;}\">\n\t\t\t\t\t<div class=\"e-con-inner\">\n\t\t<div class=\"elementor-element elementor-element-2add467 e-con-full e-flex e-con e-child\" data-id=\"2add467\" data-element_type=\"container\">\n\t\t\t\t<div class=\"elementor-element elementor-element-074def2 elementor-widget-tablet__width-initial elementor-widget elementor-widget-heading\" data-id=\"074def2\" data-element_type=\"widget\" data-widget_type=\"heading.default\">\n\t\t\t\t<div class=\"elementor-widget-container\">\n\t\t\t\t\t<h2 class=\"elementor-heading-title elementor-size-default\">Red Argentina de Carreras de Dise\u00f1o en facultades nacionales<\/h2>\t\t\t\t<\/div>\n\t\t\t\t<\/div>\n\t\t\t\t<div class=\"elementor-element elementor-element-5a48bcf elementor-widget-divider--view-line elementor-widget elementor-widget-divider\" data-id=\"5a48bcf\" data-element_type=\"widget\" data-widget_type=\"divider.default\">\n\t\t\t\t<div class=\"elementor-widget-container\">\n\t\t\t\t\t\t\t<div class=\"elementor-divider\">\n\t\t\t<span class=\"elementor-divider-separator\">\n\t\t\t\t\t\t<\/span>\n\t\t<\/div>\n\t\t\t\t\t\t<\/div>\n\t\t\t\t<\/div>\n\t\t\t\t<div class=\"elementor-element elementor-element-947e35f elementor-widget-mobile__width-initial elementor-widget elementor-widget-text-editor\" data-id=\"947e35f\" data-element_type=\"widget\" data-widget_type=\"text-editor.default\">\n\t\t\t\t<div class=\"elementor-widget-container\">\n\t\t\t\t\t\t\t\t\tDiSUR surgi\u00f3 ante la necesidad de proyectar la ense\u00f1anza del dise\u00f1o desde las escenas locales hacia la nacional como primer paso en la proyecci\u00f3n hacia la escena regional latinoamericana.\t\t\t\t\t\t\t\t<\/div>\n\t\t\t\t<\/div>\n\t\t\t\t<\/div>\n\t\t<div class=\"elementor-element elementor-element-005fc2c e-con-full e-flex e-con e-child\" data-id=\"005fc2c\" data-element_type=\"container\">\n\t\t\t\t<\/div>\n\t\t<div class=\"elementor-element elementor-element-6252a97 e-con-full e-flex e-con e-child\" data-id=\"6252a97\" data-element_type=\"container\">\n\t\t\t\t<div class=\"elementor-element elementor-element-07e3ec2 elementor-widget__width-initial elementor-widget-tablet__width-initial elementor-widget elementor-widget-text-editor\" data-id=\"07e3ec2\" data-element_type=\"widget\" data-widget_type=\"text-editor.default\">\n\t\t\t\t<div class=\"elementor-widget-container\">\n\t\t\t\t\t\t\t\t\t\u201cEsta Red tiene por finalidad principal impulsar los procesos de integraci\u00f3n a trav\u00e9s de la creaci\u00f3n de un espacio acad\u00e9mico com\u00fan ampliado, en base a la cooperaci\u00f3n cient\u00edfica, tecnol\u00f3gica educativa y cultural entre todos sus Miembros\u201d.\t\t\t\t\t\t\t\t<\/div>\n\t\t\t\t<\/div>\n\t\t\t\t<\/div>\n\t\t\t\t\t<\/div>\n\t\t\t\t<\/div>\n\t\t<div class=\"elementor-element elementor-element-39d62d0 e-flex e-con-boxed e-con e-parent\" data-id=\"39d62d0\" data-element_type=\"container\">\n\t\t\t\t\t<div class=\"e-con-inner\">\n\t\t\t\t<div class=\"elementor-element elementor-element-4da9a8d elementor-widget elementor-widget-heading\" data-id=\"4da9a8d\" data-element_type=\"widget\" data-widget_type=\"heading.default\">\n\t\t\t\t<div class=\"elementor-widget-container\">\n\t\t\t\t\t<h2 class=\"elementor-heading-title elementor-size-default\">Estatuto y Carta de Intenci\u00f3n<\/h2>\t\t\t\t<\/div>\n\t\t\t\t<\/div>\n\t\t\t\t\t<\/div>\n\t\t\t\t<\/div>\n\t\t<div class=\"elementor-element elementor-element-096c212 e-con-full e-flex e-con e-parent\" data-id=\"096c212\" data-element_type=\"container\">\n\t\t\t\t<div class=\"elementor-element elementor-element-1f4e4db elementor-widget elementor-widget-jet-listing-grid\" data-id=\"1f4e4db\" data-element_type=\"widget\" data-settings=\"{&quot;columns&quot;:&quot;1&quot;}\" data-widget_type=\"jet-listing-grid.default\">\n\t\t\t\t<div class=\"elementor-widget-container\">\n\t\t\t\t\t<div class=\"jet-listing-grid jet-listing\"><div class=\"jet-listing-grid__items grid-col-desk-1 grid-col-tablet-1 grid-col-mobile-1 jet-listing-grid--2646\" data-queried-id=\"1686|WP_Post\" data-nav=\"{&quot;enabled&quot;:false,&quot;type&quot;:null,&quot;more_el&quot;:null,&quot;query&quot;:[],&quot;widget_settings&quot;:{&quot;lisitng_id&quot;:2646,&quot;posts_num&quot;:100,&quot;columns&quot;:1,&quot;columns_tablet&quot;:1,&quot;columns_mobile&quot;:1,&quot;column_min_width&quot;:240,&quot;column_min_width_tablet&quot;:240,&quot;column_min_width_mobile&quot;:240,&quot;inline_columns_css&quot;:false,&quot;is_archive_template&quot;:&quot;&quot;,&quot;post_status&quot;:[&quot;publish&quot;],&quot;use_random_posts_num&quot;:&quot;&quot;,&quot;max_posts_num&quot;:9,&quot;not_found_message&quot;:&quot;No data was found&quot;,&quot;is_masonry&quot;:false,&quot;equal_columns_height&quot;:&quot;&quot;,&quot;use_load_more&quot;:&quot;&quot;,&quot;load_more_id&quot;:&quot;&quot;,&quot;load_more_type&quot;:&quot;click&quot;,&quot;load_more_offset&quot;:{&quot;unit&quot;:&quot;px&quot;,&quot;size&quot;:0,&quot;sizes&quot;:[]},&quot;use_custom_post_types&quot;:&quot;&quot;,&quot;custom_post_types&quot;:[],&quot;hide_widget_if&quot;:&quot;&quot;,&quot;carousel_enabled&quot;:&quot;&quot;,&quot;slides_to_scroll&quot;:&quot;1&quot;,&quot;arrows&quot;:&quot;true&quot;,&quot;arrow_icon&quot;:&quot;fa fa-angle-left&quot;,&quot;dots&quot;:&quot;&quot;,&quot;autoplay&quot;:&quot;true&quot;,&quot;pause_on_hover&quot;:&quot;true&quot;,&quot;autoplay_speed&quot;:5000,&quot;infinite&quot;:&quot;true&quot;,&quot;center_mode&quot;:&quot;&quot;,&quot;effect&quot;:&quot;slide&quot;,&quot;speed&quot;:500,&quot;inject_alternative_items&quot;:&quot;yes&quot;,&quot;injection_items&quot;:[{&quot;_id&quot;:&quot;73fe74d&quot;,&quot;item&quot;:&quot;4039&quot;}],&quot;scroll_slider_enabled&quot;:&quot;&quot;,&quot;scroll_slider_on&quot;:[&quot;desktop&quot;,&quot;tablet&quot;,&quot;mobile&quot;],&quot;custom_query&quot;:false,&quot;custom_query_id&quot;:&quot;&quot;,&quot;_element_id&quot;:&quot;&quot;,&quot;collapse_first_last_gap&quot;:false,&quot;list_tag_selection&quot;:&quot;&quot;,&quot;list_items_wrapper_tag&quot;:&quot;div&quot;,&quot;list_item_tag&quot;:&quot;div&quot;,&quot;empty_items_wrapper_tag&quot;:&quot;div&quot;}}\" data-page=\"1\" data-pages=\"1\" data-listing-source=\"posts\" data-listing-id=\"2646\" data-query-id=\"\"><div class=\"jet-listing-grid__item jet-listing-dynamic-post-2645\" data-post-id=\"2645\"  >\t\t<div data-elementor-type=\"jet-listing-items\" data-elementor-id=\"2646\" class=\"elementor elementor-2646\" data-elementor-post-type=\"jet-engine\">\n\t\t\t\t<div class=\"elementor-element elementor-element-dd231df e-flex e-con-boxed e-con e-parent\" data-id=\"dd231df\" data-element_type=\"container\">\n\t\t\t\t\t<div class=\"e-con-inner\">\n\t\t\t\t<div class=\"elementor-element elementor-element-786b511 mi-seccion elementor-widget elementor-widget-heading\" data-id=\"786b511\" data-element_type=\"widget\" data-widget_type=\"heading.default\">\n\t\t\t\t<div class=\"elementor-widget-container\">\n\t\t\t\t\t<h3 class=\"elementor-heading-title elementor-size-default\">Denominaci\u00f3n, domicilio, objeto<\/h3>\t\t\t\t<\/div>\n\t\t\t\t<\/div>\n\t\t\t\t<div class=\"elementor-element elementor-element-ae9a671 mi-seccion elementor-widget elementor-widget-text-editor\" data-id=\"ae9a671\" data-element_type=\"widget\" data-widget_type=\"text-editor.default\">\n\t\t\t\t<div class=\"elementor-widget-container\">\n\t\t\t\t\t\t\t\t\t<h5><strong>Art\u00edculo 1.<\/strong><\/h5>\n<p>Bajo la denominaci\u00f3n de ASOCIACI\u00d3N CIVIL CON PERSONER\u00cdA JUR\u00cdDICA DISUR, se constituye una asociaci\u00f3n civil con personer\u00eda jur\u00eddica el d\u00eda 14 del mes de agosto del a\u00f1o 2015, que fija su domicilio en Calle Riobamba 220 bis, Ciudad de Rosario, Provincia de Santa Fe, pudiendo establecer delegaciones y\/o filiales en cualquier punto del pa\u00eds.<\/p>\n<h5><strong>Art\u00edculo 2.<\/strong><\/h5>\n<p>El objeto de la entidad ser\u00e1 impulsar sin fines de lucro la constituci\u00f3n de una red acad\u00e9mica de alcance internacional compuesta por las Carreras de Dise\u00f1o de Universidades P\u00fablicas Latinoamericanas, a trav\u00e9s de la promoci\u00f3n de procesos de integraci\u00f3n desde este Espacio Acad\u00e9mico com\u00fan ampliado para las Carreras de Dise\u00f1o, en base a la cooperaci\u00f3n cient\u00edfica, tecnol\u00f3gica, educativa y cultural entre todos sus miembros, con la posibilidad de articular con organismos p\u00fablicos, privados y del tercer sectores, nacionales o internacionales.<\/p>\n<h5><strong>Art\u00edculo 3.<\/strong><\/h5>\n<p>LA ASOCIACI\u00d3N CIVIL CON PERSONER\u00cdA JUR\u00cdDICA DISUR tiene por finalidad principal impulsar el proceso de integraci\u00f3n a trav\u00e9s de la creaci\u00f3n de un espacio Acad\u00e9mico com\u00fan ampliado, en base a la cooperaci\u00f3n cient\u00edfica, tecnol\u00f3gica, educativa y cultural entre todos sus miembros, con la posibilidad de articular con organismos p\u00fablicos, privados, del tercer sector, nacionales o internacionales.<\/p>\n<h5><strong>Art\u00edculo 4.<\/strong><\/h5>\n<p>Son objetivos de la ASOCIACI\u00d3N CIVIL CON PERSONER\u00cdA JUR\u00cdDICA DISUR contribuir al fortalecimiento y consolidaci\u00f3n de la Ense\u00f1anza P\u00fablica Superior Universitaria del Dise\u00f1o a partir de:<\/p>\n<p><strong>a)<\/strong> Una masa cr\u00edtica de recursos humanos de alto nivel, aprovechando las ventajas comparativas que ofrecen las capacidades instaladas en la regi\u00f3n.<br \/>\n<strong>b)<\/strong> La investigaci\u00f3n en Dise\u00f1o incluidos los procesos de innovaci\u00f3n, adaptaci\u00f3n y transferencia tecnol\u00f3gica, cient\u00edfica, art\u00edstica y cultural en \u00e1reas de inter\u00e9s;<br \/>\n<strong>c)<\/strong> Propiciar el desarrollo de las Carreras docentes y el intercambio.<br \/>\n<strong>d)<\/strong> La interacci\u00f3n de sus miembros con la sociedad en su conjunto, difundiendo los avances del conocimiento.<br \/>\n<strong>e)<\/strong> Alentar una integraci\u00f3n latinoamericana del Dise\u00f1o.<br \/>\n<strong>f)<\/strong> Propiciar la vinculaci\u00f3n interinstitucional con organismos p\u00fablicos, privados, del<br \/>\ntercer sector, nacionales o internacionales.<\/p>\n<h5><strong>Art\u00edculo 5.<\/strong><\/h5>\n<p>Son actividades de la ASOCIACI\u00d3N CIVIL CON PERSONER\u00cdA JUR\u00cdDICA DISUR promover y apoyar, por medio de la cooperaci\u00f3n:<\/p>\n<p><strong>a)<\/strong> La instrumentaci\u00f3n de Carreras y Cursos de posgrado que atiendan las demandas de la comunidad de las Facultades, Unidades Acad\u00e9micas y Carreras miembros.<br \/>\n<strong>b)<\/strong> El desarrollo de programas multi e interdisciplinarios en temas de investigaci\u00f3n b\u00e1sica, aplicada y desarrollos experimentales.<br \/>\n<strong>c)<\/strong> La creaci\u00f3n de programas de intercambio de docentes e investigadores, graduados y estudiantes.<br \/>\n<strong>d)<\/strong> El apoyo a programas que incluyan \u00e1reas vacantes del conocimiento y nuevos perfiles de las disciplinas identificados como necesarios.<br \/>\n<strong>e)<\/strong> La realizaci\u00f3n y el apoyo a proyectos vinculados a las demandas del sector productivo de bienes y servicios.<br \/>\n<strong>f)<\/strong> La realizaci\u00f3n de programas de gesti\u00f3n de medio ambiente.<br \/>\n<strong>g)<\/strong> La implementaci\u00f3n de planes tendientes a preservar y difundir las culturas nacionales y regionales.<br \/>\n<strong>h)<\/strong> El afianzamiento de las actividades de extensi\u00f3n y transferencia.<br \/>\n<strong>i)<\/strong> La promoci\u00f3n de publicaciones propias de la ASOCIACION CIVIL CON PERSONER\u00cdA JUR\u00cdDICA DISUR.<br \/>\n<strong>j)<\/strong> La convocatoria y el otorgamiento de premios, reconocimientos y distinciones en las categor\u00edas de ense\u00f1anza, investigaci\u00f3n y extensi\u00f3n.<\/p>\n\t\t\t\t\t\t\t\t<\/div>\n\t\t\t\t<\/div>\n\t\t\t\t\t<\/div>\n\t\t\t\t<\/div>\n\t\t\t\t<\/div>\n\t\t<\/div><div class=\"jet-listing-grid__item jet-listing-dynamic-post-2659 jet-listing-grid--4039\" data-post-id=\"2659\"  ><style>.elementor-4039 .elementor-element.elementor-element-9c15850{--display:flex;--flex-direction:column;--container-widget-width:calc( ( 1 - var( --container-widget-flex-grow ) ) * 100% );--container-widget-height:initial;--container-widget-flex-grow:0;--container-widget-align-self:initial;--flex-wrap-mobile:wrap;--justify-content:center;--align-items:flex-start;--padding-top:5%;--padding-bottom:5%;--padding-left:0%;--padding-right:0%;}.elementor-4039 .elementor-element.elementor-element-9c15850:not(.elementor-motion-effects-element-type-background), .elementor-4039 .elementor-element.elementor-element-9c15850 > .elementor-motion-effects-container > .elementor-motion-effects-layer{background-color:#F6F6F6;}.elementor-4039 .elementor-element.elementor-element-16a4da2.elementor-element{--align-self:flex-start;}.elementor-4039 .elementor-element.elementor-element-16a4da2{text-align:left;}.elementor-4039 .elementor-element.elementor-element-16a4da2 .elementor-heading-title{font-family:\"Roboto\", Roboto;font-size:22px;font-weight:600;color:var( --e-global-color-8eb6a83 );}.elementor-4039 .elementor-element.elementor-element-034d200{columns:1;text-align:left;font-family:\"Roboto\", Roboto;font-size:15px;font-weight:400;color:#7B7B7B;}@media(min-width:768px){.elementor-4039 .elementor-element.elementor-element-9c15850{--content-width:1140px;}}@media(max-width:1024px){.elementor-4039 .elementor-element.elementor-element-9c15850{--padding-top:6%;--padding-bottom:6%;--padding-left:6%;--padding-right:6%;}}@media(max-width:767px){.elementor-4039 .elementor-element.elementor-element-9c15850{--padding-top:5%;--padding-bottom:5%;--padding-left:5%;--padding-right:5%;}}\/* Start custom CSS for heading, class: .elementor-element-16a4da2 *\/.mi-seccion h4 {\r\n    color: #024caa;\r\n    font-family: 'Poppins', sans-serif;\r\n}\/* End custom CSS *\/\n\/* Start custom CSS for text-editor, class: .elementor-element-034d200 *\/.mi-seccion h4, h5 {\r\n    color: #024caa;\r\n    font-family: 'Poppins', sans-serif;\r\n}\/* End custom CSS *\/<\/style>\t\t<div data-elementor-type=\"jet-listing-items\" data-elementor-id=\"4039\" class=\"elementor elementor-4039\" data-elementor-post-type=\"jet-engine\">\n\t\t\t\t<div class=\"elementor-element elementor-element-9c15850 e-flex e-con-boxed e-con e-parent\" data-id=\"9c15850\" data-element_type=\"container\" data-settings=\"{&quot;background_background&quot;:&quot;classic&quot;}\">\n\t\t\t\t\t<div class=\"e-con-inner\">\n\t\t\t\t<div class=\"elementor-element elementor-element-16a4da2 mi-seccion elementor-widget elementor-widget-heading\" data-id=\"16a4da2\" data-element_type=\"widget\" data-widget_type=\"heading.default\">\n\t\t\t\t<div class=\"elementor-widget-container\">\n\t\t\t\t\t<h3 class=\"elementor-heading-title elementor-size-default\">Capacidad y Patrimonio<\/h3>\t\t\t\t<\/div>\n\t\t\t\t<\/div>\n\t\t\t\t<div class=\"elementor-element elementor-element-034d200 mi-seccion elementor-widget elementor-widget-text-editor\" data-id=\"034d200\" data-element_type=\"widget\" data-widget_type=\"text-editor.default\">\n\t\t\t\t<div class=\"elementor-widget-container\">\n\t\t\t\t\t\t\t\t\t<h5><strong>Art\u00edculo 6.<\/strong><\/h5>\n<p>La entidad tiene plena capacidad jur\u00eddica, podr\u00e1 ejercer por medio de sus \u00f3rganos toda clase de actos jur\u00eddicos y todos los contratos necesarios y que se correspondan con su naturaleza jur\u00eddica, quedando en consecuencia autorizada a efectuar los actos, tr\u00e1mites, gestiones y peticiones que sean necesarias y\/o convenientes a saber: adquirir a t\u00edtulo oneroso o gratuito bienes muebles o inmuebles, venderlos, permutarlos, otorgarlos en comodato, locaci\u00f3n, uso o usufructo, gravarlos con derecho de hipoteca; contraer mutuos; hacer y recibir donaciones; aceptar legados, subsidios, herencias o subvenciones; hacer operaciones con instituciones bancarias, a plazo fijo, cuenta corriente o cualquier otra operaci\u00f3n que permitan sus cartas org\u00e1nicas y que tiendan al cumplimiento de sus fines y objetivos sociales y de cualquier otra entrada o ingreso l\u00edcito acorde con el fin de la Instituci\u00f3n.<\/p>\n<h5><strong>Art\u00edculo 7.<\/strong><\/h5>\n<p>El patrimonio est\u00e1 formado por:<\/p>\n<p><strong>a) <\/strong>Las cuotas que abonen los asociados de car\u00e1cter anual y equivalente a un salario mensual de un profesor adjunto semiexclusivo sin antig\u00fcedad, vigente al mes de marzo en cada pa\u00eds. Todo cambio en el monto y car\u00e1cter de la cuota deber\u00e1 resolverse en Asamblea.<br \/>\n<strong>b)<\/strong> Los bienes que adquiera por cualquier t\u00edtulo, as\u00ed como de sus frutos y productos.<br \/>\n<strong>c)<\/strong> Las donaciones, herencias, legados, subsidios, subvenciones, oblaciones voluntarias<br \/>\nque se le otorguen y que acepte.<br \/>\n<strong>d)<\/strong> Los beneficios que se obtengan de la organizaci\u00f3n de reuniones sociales, conferencias, congresos, seminarios, festivales, excursiones o cualquier espect\u00e1culo p\u00fablico.<br \/>\n<strong>e)<\/strong> Los intereses o ganancias que devenguen los fondos de la entidad.<br \/>\n<strong>f)<\/strong> Cualquier otro ingreso l\u00edcito acorde al fin del objeto y conforme su naturaleza jur\u00eddica.<\/p>\n\t\t\t\t\t\t\t\t<\/div>\n\t\t\t\t<\/div>\n\t\t\t\t\t<\/div>\n\t\t\t\t<\/div>\n\t\t\t\t<\/div>\n\t\t<\/div><div class=\"jet-listing-grid__item jet-listing-dynamic-post-2674\" data-post-id=\"2674\"  >\t\t<div data-elementor-type=\"jet-listing-items\" data-elementor-id=\"2646\" class=\"elementor elementor-2646\" data-elementor-post-type=\"jet-engine\">\n\t\t\t\t<div class=\"elementor-element elementor-element-dd231df e-flex e-con-boxed e-con e-parent\" data-id=\"dd231df\" data-element_type=\"container\">\n\t\t\t\t\t<div class=\"e-con-inner\">\n\t\t\t\t<div class=\"elementor-element elementor-element-786b511 mi-seccion elementor-widget elementor-widget-heading\" data-id=\"786b511\" data-element_type=\"widget\" data-widget_type=\"heading.default\">\n\t\t\t\t<div class=\"elementor-widget-container\">\n\t\t\t\t\t<h3 class=\"elementor-heading-title elementor-size-default\">De los Asociados<\/h3>\t\t\t\t<\/div>\n\t\t\t\t<\/div>\n\t\t\t\t<div class=\"elementor-element elementor-element-ae9a671 mi-seccion elementor-widget elementor-widget-text-editor\" data-id=\"ae9a671\" data-element_type=\"widget\" data-widget_type=\"text-editor.default\">\n\t\t\t\t<div class=\"elementor-widget-container\">\n\t\t\t\t\t\t\t\t\t<h5><strong>Art\u00edculo 8.<\/strong><\/h5>\n<p>Se establecen las siguientes categor\u00edas de asociados: activos, adherentes y honor\u00edficos. La admisi\u00f3n de los asociados la resolver\u00e1 la Comisi\u00f3n Directiva y ser\u00e1 convalidada por Asamblea. En caso de ser rechazada, la misma no podr\u00e1 ser presentada nuevamente hasta pasado un a\u00f1o.<\/p>\n<h5><strong>Art\u00edculo 9.<\/strong><\/h5>\n<p>Ser\u00e1n asociados activos: Las Unidades Acad\u00e9micas de Universidades P\u00fablicas Latinoamericanas con Carreras de Dise\u00f1o, que compartiendo el objeto de la entidad deseen participar de ella, adhieran a su Estatuto y est\u00e9n al d\u00eda con el pago de la cuota social anual, equivalente a un salario mensual de un profesor adjunto semiexclusivo sin antig\u00fcedad (vigente al mes de marzo en cada pa\u00eds). Dichas Unidades Acad\u00e9micas ser\u00e1n representadas en la Asamblea por sus Decanos, Vicedecanos, Autoridad electa equivalente. En caso de no poder asistir Autoridad de dicha Unidad Acad\u00e9mica, por representante debidamente acreditado.<\/p>\n<h5><strong>Articulo 10.<\/strong><\/h5>\n<p>Para la incorporaci\u00f3n de nuevos Socios Activos a la ASOCIACION CIVIL CON PERSONER\u00cdA JUR\u00cdDICA DISUR, se requerir\u00e1 como condici\u00f3n cumplir formalmente con los requisitos del presente Estatuto, y convalidar el compromiso a trav\u00e9s de una resoluci\u00f3n del \u00f3rgano competente en cada caso.<\/p>\n<h5><strong>Art\u00edculo 11.<\/strong><\/h5>\n<p>Los asociados activos tienen los siguientes derechos y obligaciones:<\/p>\n<p><strong>a)<\/strong> abonar las cuotas sociales.<br \/>\n<strong>b)<\/strong> cumplir con las obligaciones impuestas por los Estatutos, reglamentos y resoluciones de asamblea y comisi\u00f3n directiva.<br \/>\n<strong>c)<\/strong> voz y voto en las asambleas, elegir y ser elegido para integrar los<br \/>\n\u00f3rganos sociales.<\/p>\n<h5><strong>Art\u00edculo 12.<\/strong><\/h5>\n<p>Ser\u00e1n asociados adherentes: Aquellos instituciones p\u00fablicas profesionales y organismos gubernamentales vinculadas a los dise\u00f1os, que, compartiendo el objeto de la entidad, adhieran a su Estatuto y deseen participar de ella. La asociaci\u00f3n ser\u00e1 requerida por carta de autoridad de la instituci\u00f3n y deber\u00e1 ser admitidos por la Comisi\u00f3n Directiva y convalidados por Asamblea.<\/p>\n<h5><strong>Art\u00edculo 13.<\/strong><\/h5>\n<p>Los asociados adherentes tendr\u00e1n las mismas obligaciones y derechos de los activos, salvo el derecho a votar y a ocupar cargos en la comisi\u00f3n directiva. La Asamblea ser\u00e1 responsable de fijar o no, la cuota que deber\u00e1n abonar.<\/p>\n<h5><strong>Art\u00edculo 14.<\/strong><\/h5>\n<p>Asociados honorarios: ser\u00e1n aquellos que por sus m\u00e9ritos se hagan acreedores de tal distinci\u00f3n. Ser\u00e1n nombrados por la asamblea a propuesta de la comisi\u00f3n directiva o de por lo menos 3 asociados con derecho a voto.<\/p>\n<h5><strong>Articulo 15.<\/strong><\/h5>\n<p>Los socios que incumplan la cuota social durante 2 a\u00f1os ser\u00e1n suspendidos en su participaci\u00f3n las reuniones de Asamblea la ASOCIACION CIVIL CON PERSONER\u00cdA JUR\u00cdDICA DISUR y\/o en la Comisi\u00f3n Directiva hasta que regularicen su situaci\u00f3n, pudiendo participar solamente de los \u00f3rganos de trabajo permanentes, hasta tanto se salde la deuda. Los socios que no concurrir\u00e1n por dos a\u00f1os seguidos a ninguna de las reuniones DiSUR de manera consecutiva (Asambleas Anuales Ordinarias y\/o Reuniones o Congresos DiSUR), no podr\u00e1n votar hasta que regularicen su asistencia, participando 2 reuniones consecutivas.<\/p>\n<h5><strong>Art\u00edculo 16.<\/strong><\/h5>\n<p>El asociado quedar\u00e1 privado de pertenecer a su categor\u00eda cuando por este Estatuto hubiere perdido las condiciones exigidas para ser asociado o por renuncia, o expulsi\u00f3n.<\/p>\n<h5><strong>Art\u00edculo 17.<\/strong><\/h5>\n<p>Los Asociados perder\u00e1n la condici\u00f3n de tales, por las siguientes causas:<br \/>\n<strong>a)<\/strong> Renuncia, <strong>b)<\/strong> Expulsi\u00f3n.<\/p>\n<p><strong>Renuncia:<\/strong><br \/>\nLos Asociados podr\u00e1n renunciar a su condici\u00f3n de tales, presentando una nota dirigida a la Comisi\u00f3n Directiva, en la cual exprese su decisi\u00f3n voluntaria de renunciar. Esta s\u00f3lo se aceptar\u00e1 cuando el asociado que la solicite se encuentre al d\u00eda con la Tesorer\u00eda.<\/p>\n<p><strong>Expulsi\u00f3n:<\/strong><br \/>\nConsiste en la p\u00e9rdida definitiva de la condici\u00f3n de asociado.Ser\u00e1n causales de expulsi\u00f3n: a) faltar al cumplimiento de las obligaciones sociales impuestas por el Estatuto y\/o reglamentos que dicte la entidad y\/o decisiones de la Comisi\u00f3n Directiva y\/o Asamblea b) observar inconducta notoria o indisciplina. Todas las sanciones disciplinarias deber\u00e1n ser resueltas por la comisi\u00f3n directiva, quien notificar\u00e1 fehacientemente al asociado para que ejerza su derecho de defensa. El asociado tiene derecho de apelar la sanci\u00f3n dentro de los treinta (30) d\u00edas posteriores a la notificaci\u00f3n de la sanci\u00f3n ante la primera asamblea que se celebre, sin importar renuncia al fuero judicial<\/p>\n\t\t\t\t\t\t\t\t<\/div>\n\t\t\t\t<\/div>\n\t\t\t\t\t<\/div>\n\t\t\t\t<\/div>\n\t\t\t\t<\/div>\n\t\t<\/div><div class=\"jet-listing-grid__item jet-listing-dynamic-post-2675 jet-listing-grid--4039\" data-post-id=\"2675\"  >\t\t<div data-elementor-type=\"jet-listing-items\" data-elementor-id=\"4039\" class=\"elementor elementor-4039\" data-elementor-post-type=\"jet-engine\">\n\t\t\t\t<div class=\"elementor-element elementor-element-9c15850 e-flex e-con-boxed e-con e-parent\" data-id=\"9c15850\" data-element_type=\"container\" data-settings=\"{&quot;background_background&quot;:&quot;classic&quot;}\">\n\t\t\t\t\t<div class=\"e-con-inner\">\n\t\t\t\t<div class=\"elementor-element elementor-element-16a4da2 mi-seccion elementor-widget elementor-widget-heading\" data-id=\"16a4da2\" data-element_type=\"widget\" data-widget_type=\"heading.default\">\n\t\t\t\t<div class=\"elementor-widget-container\">\n\t\t\t\t\t<h3 class=\"elementor-heading-title elementor-size-default\">De los Organos<\/h3>\t\t\t\t<\/div>\n\t\t\t\t<\/div>\n\t\t\t\t<div class=\"elementor-element elementor-element-034d200 mi-seccion elementor-widget elementor-widget-text-editor\" data-id=\"034d200\" data-element_type=\"widget\" data-widget_type=\"text-editor.default\">\n\t\t\t\t<div class=\"elementor-widget-container\">\n\t\t\t\t\t\t\t\t\t<h5><strong>Art\u00edculo 18.<\/strong><\/h5>\n<p>Los \u00f3rganos de la ASOCIACI\u00d3N CIVIL CON PERSONER\u00cdA JUR\u00cdDICA DISUR:<\/p>\n<p>La Asamblea<br \/>\nLa Comisi\u00f3n Directiva<br \/>\nEl Grupo permanente de Integraci\u00f3n curricular<br \/>\nEl Grupo permanente de Investigaci\u00f3n y Posgrado<br \/>\nEl Grupo permanente de Extensi\u00f3n y vinculaci\u00f3n tecnol\u00f3gica<\/p>\n\t\t\t\t\t\t\t\t<\/div>\n\t\t\t\t<\/div>\n\t\t\t\t\t<\/div>\n\t\t\t\t<\/div>\n\t\t\t\t<\/div>\n\t\t<\/div><div class=\"jet-listing-grid__item jet-listing-dynamic-post-2676\" data-post-id=\"2676\"  >\t\t<div data-elementor-type=\"jet-listing-items\" data-elementor-id=\"2646\" class=\"elementor elementor-2646\" data-elementor-post-type=\"jet-engine\">\n\t\t\t\t<div class=\"elementor-element elementor-element-dd231df e-flex e-con-boxed e-con e-parent\" data-id=\"dd231df\" data-element_type=\"container\">\n\t\t\t\t\t<div class=\"e-con-inner\">\n\t\t\t\t<div class=\"elementor-element elementor-element-786b511 mi-seccion elementor-widget elementor-widget-heading\" data-id=\"786b511\" data-element_type=\"widget\" data-widget_type=\"heading.default\">\n\t\t\t\t<div class=\"elementor-widget-container\">\n\t\t\t\t\t<h3 class=\"elementor-heading-title elementor-size-default\">De las Asambleas<\/h3>\t\t\t\t<\/div>\n\t\t\t\t<\/div>\n\t\t\t\t<div class=\"elementor-element elementor-element-ae9a671 mi-seccion elementor-widget elementor-widget-text-editor\" data-id=\"ae9a671\" data-element_type=\"widget\" data-widget_type=\"text-editor.default\">\n\t\t\t\t<div class=\"elementor-widget-container\">\n\t\t\t\t\t\t\t\t\t<h5><strong>Art\u00edculo 19.<\/strong><\/h5>\n<p>La Asamblea de la ASOCIACION CIVIL CON PERSONER\u00cdA JUR\u00cdDICA DISUR es el \u00f3rgano resolutivo. Estar\u00e1 compuesto por los Decanos o Vicedecanos, o Autoridad electa equivalente, de Unidades Acad\u00e9micas que son Socias Activas, quienes participar\u00e1n con voz y voto, o sus representantes debidamente acreditados.<\/p>\n\t\t\t\t\t\t\t\t<\/div>\n\t\t\t\t<\/div>\n\t\t\t\t\t<\/div>\n\t\t\t\t<\/div>\n\t\t\t\t<\/div>\n\t\t<\/div><div class=\"jet-listing-grid__item jet-listing-dynamic-post-2677 jet-listing-grid--4039\" data-post-id=\"2677\"  >\t\t<div data-elementor-type=\"jet-listing-items\" data-elementor-id=\"4039\" class=\"elementor elementor-4039\" data-elementor-post-type=\"jet-engine\">\n\t\t\t\t<div class=\"elementor-element elementor-element-9c15850 e-flex e-con-boxed e-con e-parent\" data-id=\"9c15850\" data-element_type=\"container\" data-settings=\"{&quot;background_background&quot;:&quot;classic&quot;}\">\n\t\t\t\t\t<div class=\"e-con-inner\">\n\t\t\t\t<div class=\"elementor-element elementor-element-16a4da2 mi-seccion elementor-widget elementor-widget-heading\" data-id=\"16a4da2\" data-element_type=\"widget\" data-widget_type=\"heading.default\">\n\t\t\t\t<div class=\"elementor-widget-container\">\n\t\t\t\t\t<h3 class=\"elementor-heading-title elementor-size-default\">De la Comisi\u00f3n Directiva<\/h3>\t\t\t\t<\/div>\n\t\t\t\t<\/div>\n\t\t\t\t<div class=\"elementor-element elementor-element-034d200 mi-seccion elementor-widget elementor-widget-text-editor\" data-id=\"034d200\" data-element_type=\"widget\" data-widget_type=\"text-editor.default\">\n\t\t\t\t<div class=\"elementor-widget-container\">\n\t\t\t\t\t\t\t\t\t<h5><strong>Art\u00edculo 20.<\/strong><\/h5>\n<p>La Asociaci\u00f3n ser\u00e1 dirigida y administrada por la Comisi\u00f3n Directiva compuesta por: presidente, secretario, tesorero, un vocal titular. Habr\u00e1 adem\u00e1s un vocal suplente, y un revisor de cuentas titular y suplente. La duraci\u00f3n de los mandatos es ejercida por los representantes de los socios activos en ejercicio de su mandato por 2 ejercicios sociales elegidos en Asamblea ordinaria. La Comisi\u00f3n Directiva deber\u00e1n cumplir con el requisito de ser dise\u00f1adores de profesi\u00f3n y profesores regulares, ordinarios, o concursados en alguna de las Instituciones Acad\u00e9micas que son Socias Activas de la ASOCIACION CIVIL CON PERSONER\u00cdA JUR\u00cdDICA DISUR. Esta condici\u00f3n no es necesaria para el tesorero o revisores de cuenta. El revisor de cuentas y los miembros de comisi\u00f3n directiva -titulares y suplentes- no podr\u00e1n percibir sueldo o remuneraci\u00f3n alguna por el desempe\u00f1o de los cargos. El car\u00e1cter de los mismos es personal e indelegable.<\/p>\n<h5><strong>Art\u00edculo 21.<\/strong><\/h5>\n<p>La Comisi\u00f3n Directiva y el revisor de cuentas, ser\u00e1n elegidos cada 2 a\u00f1os en la Asamblea Ordinaria Anual, por simple mayor\u00eda de votos de asociados presentes.<\/p>\n<h5><strong>Art\u00edculo 22.<\/strong><\/h5>\n<p>En caso de renuncia, fallecimiento o cualquier otra causa que ocasione la vacancia transitoria o permanente de un cargo titular, entrar\u00e1 a desempe\u00f1arlo el primer vocal titular, haci\u00e9ndose el corrimiento correspondiente. Este reemplazo ser\u00e1 por el t\u00e9rmino de la vacancia.<\/p>\n<h5><strong>Art\u00edculo 23.<\/strong><\/h5>\n<p>Para poder ser miembro de la Comisi\u00f3n Directiva y dem\u00e1s autoridades, se deber\u00e1n cumplimentar los siguientes requisitos:<\/p>\n<p><strong>a)<\/strong> ser Asociado Activo<br \/>\n<strong>b)<\/strong> estar en el pleno goce de sus derechos como asociado y tener plena capacidad jur\u00eddica<br \/>\n<strong>c)<\/strong> estar al d\u00eda con la Tesorer\u00eda Social.<\/p>\n<h5><strong>Art\u00edculo 24.<\/strong><\/h5>\n<p>Las reuniones de la Comisi\u00f3n Directiva se realizar\u00e1n v\u00e1lidamente con la participaci\u00f3n de la mitad m\u00e1s uno de los miembros titulares que la integran, y las resoluciones se adoptar\u00e1n por mayor\u00eda de los miembros participantes.<br \/>\nLas reconsideraciones de asuntos ya resueltos, requerir\u00e1n el voto de las dos terceras partes, enreuni\u00f3n de igual o mayor n\u00famero de asistentes de aquella en que se resolvi\u00f3 el asunto a reconsiderarse.<\/p>\n<h5><strong>Art\u00edculo 25.<\/strong><\/h5>\n<p>La Comisi\u00f3n Directiva se reunir\u00e1 por lo menos una vez trimestral.<\/p>\n<h5><strong>Art\u00edculo 26.<\/strong><\/h5>\n<p>Sin perjuicio de que la Comisi\u00f3n Directiva fije fecha, hora y lugar para sus reuniones, las mismas tambi\u00e9n podr\u00e1n ser convocadas por el Presidente o su reemplazante, o por el revisor de cuentas debiendo \u00e9stos \u00faltimos citarlas cuando lo requieran 3 miembros de la Comisi\u00f3n Directiva, precisando el orden del d\u00eda que pretenden se considere. La convocatoria deber\u00e1 indicar los temas a tratar, lugar, d\u00eda y hora de la reuni\u00f3n, debiendo en estos casos realizarse la reuni\u00f3n dentro de los quince d\u00edas de efectuada la misma.<\/p>\n<h5><strong>Art\u00edculo 27.<\/strong><\/h5>\n<p>El miembro de la Comisi\u00f3n Directiva que, previa notificaci\u00f3n no participara, sin previo aviso justificado a tres reuniones consecutivas, o a seis alternadas en un a\u00f1o calendario, podr\u00e1 ser desplazado de su cargo.<\/p>\n<h5><strong>Art\u00edculo 28.<\/strong><\/h5>\n<p>Todo miembro de la Comisi\u00f3n Directiva que por razones fundadas no pueda participar a las reuniones, o atender la misi\u00f3n que se le encomendara, podr\u00e1 solicitar licencia parcial o temporal, la que ser\u00e1 acordada con la Comisi\u00f3n Directiva.<\/p>\n<h5><strong>Art\u00edculo 29.<\/strong><\/h5>\n<p>Cuando el n\u00famero de miembros de la Comisi\u00f3n Directiva, quede reducido a menos de la mitad m\u00e1s uno de la totalidad, habiendo ya sido llamados todos los suplentes a reemplazar a los titulares, el revisor de cuentas se har\u00e1 cargo de la administraci\u00f3n y deber\u00e1 convocar a Asamblea a los efectos de su integraci\u00f3n, dentro de los treinta d\u00edas de la acefalia. Todo esto sin perjuicio de las responsabilidades que puedan recaer sobre los miembros directivos renunciantes o ausentes Los electos durar\u00e1n en sus cargos por el resto del per\u00edodo de los que reemplazan.<\/p>\n\t\t\t\t\t\t\t\t<\/div>\n\t\t\t\t<\/div>\n\t\t\t\t\t<\/div>\n\t\t\t\t<\/div>\n\t\t\t\t<\/div>\n\t\t<\/div><div class=\"jet-listing-grid__item jet-listing-dynamic-post-2678\" data-post-id=\"2678\"  >\t\t<div data-elementor-type=\"jet-listing-items\" data-elementor-id=\"2646\" class=\"elementor elementor-2646\" data-elementor-post-type=\"jet-engine\">\n\t\t\t\t<div class=\"elementor-element elementor-element-dd231df e-flex e-con-boxed e-con e-parent\" data-id=\"dd231df\" data-element_type=\"container\">\n\t\t\t\t\t<div class=\"e-con-inner\">\n\t\t\t\t<div class=\"elementor-element elementor-element-786b511 mi-seccion elementor-widget elementor-widget-heading\" data-id=\"786b511\" data-element_type=\"widget\" data-widget_type=\"heading.default\">\n\t\t\t\t<div class=\"elementor-widget-container\">\n\t\t\t\t\t<h3 class=\"elementor-heading-title elementor-size-default\">Atribuciones y obligaciones de la Comisi\u00f3n Directiva<\/h3>\t\t\t\t<\/div>\n\t\t\t\t<\/div>\n\t\t\t\t<div class=\"elementor-element elementor-element-ae9a671 mi-seccion elementor-widget elementor-widget-text-editor\" data-id=\"ae9a671\" data-element_type=\"widget\" data-widget_type=\"text-editor.default\">\n\t\t\t\t<div class=\"elementor-widget-container\">\n\t\t\t\t\t\t\t\t\t<h5><strong>Art\u00edculo 30.<\/strong><\/h5>\n<p>Son atribuciones y obligaciones de la Comisi\u00f3n Directiva:<\/p>\n<p><strong>a)<\/strong> Ejercer la representaci\u00f3n institucional del DISUR ante las instituciones miembros de la ASOCIACION CIVIL CON PERSONER\u00cdA JUR\u00cdDICA DISUR u otros organismos con los que sea pertinente su vinculaci\u00f3n.<br \/>\n<strong>b)<\/strong> Desarrollar los planes de trabajo y ejecutar las resoluciones de las Asambleas, cumplir y hacer cumplir este Estatuto y los reglamentos, interpret\u00e1ndolos en caso de duda, con cargo a dar cuenta a la Asamblea m\u00e1s pr\u00f3xima que se celebre.<br \/>\n<strong>c)<\/strong> Articular la organizaci\u00f3n de los encuentros con las sedes designadas, sus ejes, contenidos y l\u00edneas tem\u00e1ticas, as\u00ed como la coordinaci\u00f3n de los grupos permanentes.<br \/>\n<strong>d)<\/strong> Ejercer la administraci\u00f3n de la entidad y generar y administrar programas y recursos.<br \/>\n<strong>e)<\/strong> Proponer a la Asamblea proyectos y actividades que consoliden la ASOCIACION CIVIL CON PERSONER\u00cdA JUR\u00cdDICA DISUR y sus prop\u00f3sitos.<br \/>\n<strong>f)<\/strong> Convocar a Asamblea conforme a las disposiciones establecidas en este Estatuto.<br \/>\n<strong>g)<\/strong> Resolver la admisi\u00f3n de los que soliciten ingresar como asociados y las renuncias que presenten los mismos;<br \/>\n<strong>h)<\/strong> Otorgar plazos y condiciones especiales para el pago de las deudas que los asociados mantuvieran con la entidad;<br \/>\n<strong>i)<\/strong> Nombrar empleados y todo el personal que se requiera para el cumplimiento de los fines y objetivos sociales, asignarles sueldo, fijarles las obligaciones, amonestaciones, suspensiones y despidos.<br \/>\n<strong>j)<\/strong> Presentar a la Asamblea General Ordinaria, la Memoria, Balance General, Inventario, Cuenta de Gastos y Recursos e informe del revisor de cuentas, y el Presupuesto.<br \/>\n<strong>k)<\/strong> Realizar los actos que especifica y determina el art. 1881 y concordantes del C\u00f3digo Civil, aplicables a su car\u00e1cter jur\u00eddico y con cargo de dar cuenta a la primera Asamblea que se celebre, salvo los casos de adquisici\u00f3n, enajenaci\u00f3n, hipotecas y constituci\u00f3n de grav\u00e1menes de bienes inmuebles, en que ser\u00e1 necesaria la previa aprobaci\u00f3n por parte de una Asamblea.<br \/>\n<strong>l)<\/strong> Dictar los reglamentos institucionales acordes al Estatuto, los que deber\u00e1n ser aprobados por la asamblea y luego presentados a la Inspecci\u00f3n General de Personas Jur\u00eddicas para su aprobaci\u00f3n, previo a su aplicaci\u00f3n;<br \/>\n<strong>m)<\/strong> Crear subcomisiones y nombrar sus coordinadores e integrantes.<br \/>\n<strong>n)<\/strong> Adoptar las medidas disciplinarias previstas;<br \/>\n<strong>o)<\/strong> Resolver los asuntos no contemplados en este Estatuto y que sean urgentes, con cargo a dar cuenta a la primera Asamblea que se celebre.<\/p>\n\t\t\t\t\t\t\t\t<\/div>\n\t\t\t\t<\/div>\n\t\t\t\t\t<\/div>\n\t\t\t\t<\/div>\n\t\t\t\t<\/div>\n\t\t<\/div><div class=\"jet-listing-grid__item jet-listing-dynamic-post-2679 jet-listing-grid--4039\" data-post-id=\"2679\"  >\t\t<div data-elementor-type=\"jet-listing-items\" data-elementor-id=\"4039\" class=\"elementor elementor-4039\" data-elementor-post-type=\"jet-engine\">\n\t\t\t\t<div class=\"elementor-element elementor-element-9c15850 e-flex e-con-boxed e-con e-parent\" data-id=\"9c15850\" data-element_type=\"container\" data-settings=\"{&quot;background_background&quot;:&quot;classic&quot;}\">\n\t\t\t\t\t<div class=\"e-con-inner\">\n\t\t\t\t<div class=\"elementor-element elementor-element-16a4da2 mi-seccion elementor-widget elementor-widget-heading\" data-id=\"16a4da2\" data-element_type=\"widget\" data-widget_type=\"heading.default\">\n\t\t\t\t<div class=\"elementor-widget-container\">\n\t\t\t\t\t<h3 class=\"elementor-heading-title elementor-size-default\">Del Presidente<\/h3>\t\t\t\t<\/div>\n\t\t\t\t<\/div>\n\t\t\t\t<div class=\"elementor-element elementor-element-034d200 mi-seccion elementor-widget elementor-widget-text-editor\" data-id=\"034d200\" data-element_type=\"widget\" data-widget_type=\"text-editor.default\">\n\t\t\t\t<div class=\"elementor-widget-container\">\n\t\t\t\t\t\t\t\t\t<h5><strong>Art\u00edculo 31.<\/strong><\/h5>\n<p>El Presidente tiene las atribuciones y obligaciones siguientes:<\/p>\n<p><strong> a)<\/strong> Es el representante legal de la entidad<br \/>\n<strong>b)<\/strong> Convoca a las reuniones de la Comisi\u00f3n Directiva cuando lo estime pertinente<br \/>\n<strong>c)<\/strong> Tiene derecho a voto en las reuniones de la Comisi\u00f3n Directiva, al igual que los dem\u00e1s miembros del cuerpo y, en caso de votaciones empatadas, votar\u00e1 nuevamente<br \/>\n<strong>d)<\/strong> Firma conjuntamente con el secretario, las actas de reuniones de Comisi\u00f3n directiva y de las Asambleas<br \/>\n<strong>e)<\/strong> Autoriza con el Tesorero, las cuentas de Gastos, firmando los recibos y dem\u00e1s documentos de la Tesorer\u00eda, conforme lo resuelto por la Comisi\u00f3n Directiva, no permitiendo que los fondos sociales sean invertidos en objetos ajenos a los prescriptos por este Estatuto<br \/>\n<strong>f)<\/strong> Velar por la buena marcha y la correcta administraci\u00f3n de la entidad, observando y haciendo observar este Estatuto, los Reglamentos, las resoluciones de Comisi\u00f3n Directiva y de las Asambleas<br \/>\n<strong>g)<\/strong> En caso de emergencia, toma medidas de competencia de la comisi\u00f3n directiva, sujetas a la aprobaci\u00f3n de la Comisi\u00f3n Directiva en la reuni\u00f3n siguiente.<\/p>\n\t\t\t\t\t\t\t\t<\/div>\n\t\t\t\t<\/div>\n\t\t\t\t\t<\/div>\n\t\t\t\t<\/div>\n\t\t\t\t<\/div>\n\t\t<\/div><div class=\"jet-listing-grid__item jet-listing-dynamic-post-2680\" data-post-id=\"2680\"  >\t\t<div data-elementor-type=\"jet-listing-items\" data-elementor-id=\"2646\" class=\"elementor elementor-2646\" data-elementor-post-type=\"jet-engine\">\n\t\t\t\t<div class=\"elementor-element elementor-element-dd231df e-flex e-con-boxed e-con e-parent\" data-id=\"dd231df\" data-element_type=\"container\">\n\t\t\t\t\t<div class=\"e-con-inner\">\n\t\t\t\t<div class=\"elementor-element elementor-element-786b511 mi-seccion elementor-widget elementor-widget-heading\" data-id=\"786b511\" data-element_type=\"widget\" data-widget_type=\"heading.default\">\n\t\t\t\t<div class=\"elementor-widget-container\">\n\t\t\t\t\t<h3 class=\"elementor-heading-title elementor-size-default\">Del Secretario<\/h3>\t\t\t\t<\/div>\n\t\t\t\t<\/div>\n\t\t\t\t<div class=\"elementor-element elementor-element-ae9a671 mi-seccion elementor-widget elementor-widget-text-editor\" data-id=\"ae9a671\" data-element_type=\"widget\" data-widget_type=\"text-editor.default\">\n\t\t\t\t<div class=\"elementor-widget-container\">\n\t\t\t\t\t\t\t\t\t<h5><strong>Art\u00edculo 32.<\/strong><\/h5>\n<p>El Secretario tiene las atribuciones y obligaciones siguientes:<\/p>\n<p><strong>a)<\/strong> Asistir a las reuniones de la Comisi\u00f3n directiva y a las Asambleas, firmando conjuntamente con el Presidente las Actas de las mismas;<br \/>\n<strong>b)<\/strong> Citar a los miembros de la Comisi\u00f3n directiva a aquellas reuniones no previstas en el cronograma anual, en forma personal y escrita, con la debida antelaci\u00f3n<br \/>\n<strong>c)<\/strong> Encargarse de todo lo concerniente a las convocatorias de las asambleas, cuidando que aquellas se realicen estatutariamente en tiempo y forma<br \/>\n<strong>d)<\/strong> Llevar junto con el Tesorero, el Registro de Asociados<br \/>\n<strong>e)<\/strong> Llevar los libros de actas de asambleas y reuniones de la comisi\u00f3n directiva.<\/p>\n\t\t\t\t\t\t\t\t<\/div>\n\t\t\t\t<\/div>\n\t\t\t\t\t<\/div>\n\t\t\t\t<\/div>\n\t\t\t\t<\/div>\n\t\t<\/div><div class=\"jet-listing-grid__item jet-listing-dynamic-post-2681 jet-listing-grid--4039\" data-post-id=\"2681\"  >\t\t<div data-elementor-type=\"jet-listing-items\" data-elementor-id=\"4039\" class=\"elementor elementor-4039\" data-elementor-post-type=\"jet-engine\">\n\t\t\t\t<div class=\"elementor-element elementor-element-9c15850 e-flex e-con-boxed e-con e-parent\" data-id=\"9c15850\" data-element_type=\"container\" data-settings=\"{&quot;background_background&quot;:&quot;classic&quot;}\">\n\t\t\t\t\t<div class=\"e-con-inner\">\n\t\t\t\t<div class=\"elementor-element elementor-element-16a4da2 mi-seccion elementor-widget elementor-widget-heading\" data-id=\"16a4da2\" data-element_type=\"widget\" data-widget_type=\"heading.default\">\n\t\t\t\t<div class=\"elementor-widget-container\">\n\t\t\t\t\t<h3 class=\"elementor-heading-title elementor-size-default\">Del Tesorero<\/h3>\t\t\t\t<\/div>\n\t\t\t\t<\/div>\n\t\t\t\t<div class=\"elementor-element elementor-element-034d200 mi-seccion elementor-widget elementor-widget-text-editor\" data-id=\"034d200\" data-element_type=\"widget\" data-widget_type=\"text-editor.default\">\n\t\t\t\t<div class=\"elementor-widget-container\">\n\t\t\t\t\t\t\t\t\t<h5><strong>Art\u00edculo 33.<\/strong><\/h5>\n<p>El Tesorero tiene las atribuciones y obligaciones siguientes:<\/p>\n<p><strong>a)<\/strong> Asistir a las reuniones de la Comisi\u00f3n Directiva y a las Asambleas<br \/>\n<strong>b)<\/strong> Llevar, de acuerdo con el secretario, el Registro de Asociados, ocup\u00e1ndose de todo lo relacionado con el cobro de las cuotas sociales y dem\u00e1s acreencias;<br \/>\n<strong>c)<\/strong> Llevar los libros de Contabilidad;<br \/>\n<strong>d)<\/strong> Presentar a la Comisi\u00f3n Directiva Balances trimestrales y n\u00f3minas de asociados morosos y preparar anualmente el Balance General, Inventario y Cuenta de Gastos y Recursos, que deber\u00e1 aprobar la Comisi\u00f3n Directiva para posteriormente ser sometidos a consideraci\u00f3n de la Asamblea General Ordinaria;<br \/>\n<strong>e)<\/strong> rendir cuentas cuando se le requiera,<br \/>\n<strong>f)<\/strong> Firmar los recibos y dem\u00e1s documentos de la Tesorer\u00eda, efectuando los pagos resueltos por la Comisi\u00f3n directiva;<br \/>\n<strong>g)<\/strong> Efectuar en el o los bancos que designe la Comisi\u00f3n Directiva, a nombre de la entidad y a la orden conjunta del Presidente, los dep\u00f3sitos de dinero y valores ingresados a la Caja Social, pudiendo retener en la misma hasta la suma que estime la Comisi\u00f3n directiva, a los efectos de los pagos de urgencia;<br \/>\n<strong>h)<\/strong> Firmar conjuntamente con el Presidente los cheques, giros u otros documentos para la extracci\u00f3n de fondos;<br \/>\n<strong>i)<\/strong> Dar cuenta del estado patrimonial, econ\u00f3mico y financiero de la entidad, toda vez que la Comisi\u00f3n Directiva o el Revisor de cuentas se lo soliciten.<\/p>\n\t\t\t\t\t\t\t\t<\/div>\n\t\t\t\t<\/div>\n\t\t\t\t\t<\/div>\n\t\t\t\t<\/div>\n\t\t\t\t<\/div>\n\t\t<\/div><div class=\"jet-listing-grid__item jet-listing-dynamic-post-2682\" data-post-id=\"2682\"  >\t\t<div data-elementor-type=\"jet-listing-items\" data-elementor-id=\"2646\" class=\"elementor elementor-2646\" data-elementor-post-type=\"jet-engine\">\n\t\t\t\t<div class=\"elementor-element elementor-element-dd231df e-flex e-con-boxed e-con e-parent\" data-id=\"dd231df\" data-element_type=\"container\">\n\t\t\t\t\t<div class=\"e-con-inner\">\n\t\t\t\t<div class=\"elementor-element elementor-element-786b511 mi-seccion elementor-widget elementor-widget-heading\" data-id=\"786b511\" data-element_type=\"widget\" data-widget_type=\"heading.default\">\n\t\t\t\t<div class=\"elementor-widget-container\">\n\t\t\t\t\t<h3 class=\"elementor-heading-title elementor-size-default\">De los Vocales y Titulares<\/h3>\t\t\t\t<\/div>\n\t\t\t\t<\/div>\n\t\t\t\t<div class=\"elementor-element elementor-element-ae9a671 mi-seccion elementor-widget elementor-widget-text-editor\" data-id=\"ae9a671\" data-element_type=\"widget\" data-widget_type=\"text-editor.default\">\n\t\t\t\t<div class=\"elementor-widget-container\">\n\t\t\t\t\t\t\t\t\t<h5><strong>Art\u00edculo 34.<\/strong><\/h5>\n<p>Los Vocales Titulares tienen las atribuciones y obligaciones siguientes:<\/p>\n<p>a) Asistir a las reuniones de la Comisi\u00f3n Directiva y a las Asambleas con voz y voto<br \/>\nb) Colaborar con el resto de la Comisi\u00f3n Directiva y desempe\u00f1ar las tareas y comisiones que la Comisi\u00f3n Directiva le asigne. Los Vocales Titulares reemplazar\u00e1n, en el orden de la lista que los designara, al presidente, al secretario y al tesorero.<\/p>\n<h5><strong>Art\u00edculo 35.<\/strong><\/h5>\n<p>Corresponde a los Vocales Suplentes:<\/p>\n<p>a) Asistir a las Asambleas<br \/>\nb) Entrar a formar parte de la Comisi\u00f3n directiva, reemplazando a los Vocales Titulares<br \/>\nc) Concurrir a las reuniones de la Comisi\u00f3n directiva, si los vocales titulares lo admiten.<\/p>\n\t\t\t\t\t\t\t\t<\/div>\n\t\t\t\t<\/div>\n\t\t\t\t\t<\/div>\n\t\t\t\t<\/div>\n\t\t\t\t<\/div>\n\t\t<\/div><div class=\"jet-listing-grid__item jet-listing-dynamic-post-2684 jet-listing-grid--4039\" data-post-id=\"2684\"  >\t\t<div data-elementor-type=\"jet-listing-items\" data-elementor-id=\"4039\" class=\"elementor elementor-4039\" data-elementor-post-type=\"jet-engine\">\n\t\t\t\t<div class=\"elementor-element elementor-element-9c15850 e-flex e-con-boxed e-con e-parent\" data-id=\"9c15850\" data-element_type=\"container\" data-settings=\"{&quot;background_background&quot;:&quot;classic&quot;}\">\n\t\t\t\t\t<div class=\"e-con-inner\">\n\t\t\t\t<div class=\"elementor-element elementor-element-16a4da2 mi-seccion elementor-widget elementor-widget-heading\" data-id=\"16a4da2\" data-element_type=\"widget\" data-widget_type=\"heading.default\">\n\t\t\t\t<div class=\"elementor-widget-container\">\n\t\t\t\t\t<h3 class=\"elementor-heading-title elementor-size-default\">Del Revisor de cuentas<\/h3>\t\t\t\t<\/div>\n\t\t\t\t<\/div>\n\t\t\t\t<div class=\"elementor-element elementor-element-034d200 mi-seccion elementor-widget elementor-widget-text-editor\" data-id=\"034d200\" data-element_type=\"widget\" data-widget_type=\"text-editor.default\">\n\t\t\t\t<div class=\"elementor-widget-container\">\n\t\t\t\t\t\t\t\t\t<h5><strong>Art\u00edculo 36.<\/strong><\/h5>\n<p>El \u00f3rgano de control estar\u00e1 conformado por un revisor de cuentas titular y un suplente, \u00e9ste \u00faltimo s\u00f3lo act\u00faa en remplazo del primero en los supuestos de ausencia temporal o permanente del mismo.<\/p>\n<h5><strong>Art\u00edculo 37.<\/strong><\/h5>\n<p>El revisor de cuentas titular y el suplente, cuando asuma por ausencia temporal o permanente del primero, tendr\u00e1n por funci\u00f3n ejercer el contralor institucional y de revisi\u00f3n y fiscalizaci\u00f3n de las operaciones sociales. Dura 2 ejercicios en sus funciones, y su elecci\u00f3n se har\u00e1 en forma conjunta con la renovaci\u00f3n del \u00f3rgano directivo. Los requisitos para ser revisor de cuentas son los mismos que para ser miembro de comisi\u00f3n directiva.<\/p>\n\t\t\t\t\t\t\t\t<\/div>\n\t\t\t\t<\/div>\n\t\t\t\t\t<\/div>\n\t\t\t\t<\/div>\n\t\t\t\t<\/div>\n\t\t<\/div><div class=\"jet-listing-grid__item jet-listing-dynamic-post-2685\" data-post-id=\"2685\"  >\t\t<div data-elementor-type=\"jet-listing-items\" data-elementor-id=\"2646\" class=\"elementor elementor-2646\" data-elementor-post-type=\"jet-engine\">\n\t\t\t\t<div class=\"elementor-element elementor-element-dd231df e-flex e-con-boxed e-con e-parent\" data-id=\"dd231df\" data-element_type=\"container\">\n\t\t\t\t\t<div class=\"e-con-inner\">\n\t\t\t\t<div class=\"elementor-element elementor-element-786b511 mi-seccion elementor-widget elementor-widget-heading\" data-id=\"786b511\" data-element_type=\"widget\" data-widget_type=\"heading.default\">\n\t\t\t\t<div class=\"elementor-widget-container\">\n\t\t\t\t\t<h3 class=\"elementor-heading-title elementor-size-default\">Atribuciones y obligaciones del Revisor de cuentas<\/h3>\t\t\t\t<\/div>\n\t\t\t\t<\/div>\n\t\t\t\t<div class=\"elementor-element elementor-element-ae9a671 mi-seccion elementor-widget elementor-widget-text-editor\" data-id=\"ae9a671\" data-element_type=\"widget\" data-widget_type=\"text-editor.default\">\n\t\t\t\t<div class=\"elementor-widget-container\">\n\t\t\t\t\t\t\t\t\t<h5><strong>Art\u00edculo 38.<\/strong><\/h5>\n<p>Son atribuciones y obligaciones del Revisor de Cuentas las siguientes:<\/p>\n<p><strong>a)<\/strong> Examinar los libros y documentos de la entidad<br \/>\n<strong>b)<\/strong> Asistir a las reuniones de la Comisi\u00f3n Directiva, cuando lo juzgue necesario, teniendo \u00fanicamente derecho a voz<br \/>\n<strong>c)<\/strong> Fiscalizar la administraci\u00f3n, verificando frecuentemente el estado de la Caja y la existencia de t\u00edtulos y valores de toda clase; <strong>d)<\/strong> Comprobar el cumplimiento de las leyes, Estatuto y Reglamentos<br \/>\n<strong>e)<\/strong> Dictaminar sobre la Memoria, Inventario, Balance General y Cuenta de Gastos y Recursos, presentadas por la Comisi\u00f3n Directiva<br \/>\n<strong>f)<\/strong> Convocar a Asamblea General Ordinaria, cuando omitiere hacerlo la Comisi\u00f3n Directiva<br \/>\n<strong>g)<\/strong> Convocar a Asamblea General Extraordinaria cuando lo considere necesario, poniendo en conocimiento de la Inspecci\u00f3n General de Personas Jur\u00eddicas los antecedentes de dicha convocatoria.<br \/>\n<strong>h)<\/strong> Convocar a reuniones de la Comisi\u00f3n Directiva cuando lo estime pertinente, cumpliendo con los recaudos exigidos por este Estatuto a tales efectos<br \/>\n<strong>i)<\/strong> Vigilar, supervisar y fiscalizar las operaciones de la liquidaci\u00f3n de la entidad.<\/p>\n\t\t\t\t\t\t\t\t<\/div>\n\t\t\t\t<\/div>\n\t\t\t\t\t<\/div>\n\t\t\t\t<\/div>\n\t\t\t\t<\/div>\n\t\t<\/div><div class=\"jet-listing-grid__item jet-listing-dynamic-post-2686 jet-listing-grid--4039\" data-post-id=\"2686\"  >\t\t<div data-elementor-type=\"jet-listing-items\" data-elementor-id=\"4039\" class=\"elementor elementor-4039\" data-elementor-post-type=\"jet-engine\">\n\t\t\t\t<div class=\"elementor-element elementor-element-9c15850 e-flex e-con-boxed e-con e-parent\" data-id=\"9c15850\" data-element_type=\"container\" data-settings=\"{&quot;background_background&quot;:&quot;classic&quot;}\">\n\t\t\t\t\t<div class=\"e-con-inner\">\n\t\t\t\t<div class=\"elementor-element elementor-element-16a4da2 mi-seccion elementor-widget elementor-widget-heading\" data-id=\"16a4da2\" data-element_type=\"widget\" data-widget_type=\"heading.default\">\n\t\t\t\t<div class=\"elementor-widget-container\">\n\t\t\t\t\t<h3 class=\"elementor-heading-title elementor-size-default\">De los grupos permanentes<\/h3>\t\t\t\t<\/div>\n\t\t\t\t<\/div>\n\t\t\t\t<div class=\"elementor-element elementor-element-034d200 mi-seccion elementor-widget elementor-widget-text-editor\" data-id=\"034d200\" data-element_type=\"widget\" data-widget_type=\"text-editor.default\">\n\t\t\t\t<div class=\"elementor-widget-container\">\n\t\t\t\t\t\t\t\t\t<h5><strong>Art\u00edculo 39.<\/strong><\/h5>\n<p>Los miembros de los grupos permanentes ser\u00e1n los Secretarios \u00f3 quien estos designen de Unidades Acad\u00e9micas con car\u00e1cter de Socias Activas, tanto sean acad\u00e9micos, de investigaci\u00f3n, de posgrado, de extensi\u00f3n y transferencia, seg\u00fan corresponda en cada caso, y los directores de carrera o figura equivalente debidamente acreditada. Podr\u00e1n participar de las labores de los grupos permanentes todos los estudiantes, docentes y graduados que as\u00ed lo requieran, sin restricciones.<\/p>\n\t\t\t\t\t\t\t\t<\/div>\n\t\t\t\t<\/div>\n\t\t\t\t\t<\/div>\n\t\t\t\t<\/div>\n\t\t\t\t<\/div>\n\t\t<\/div><div class=\"jet-listing-grid__item jet-listing-dynamic-post-2687\" data-post-id=\"2687\"  >\t\t<div data-elementor-type=\"jet-listing-items\" data-elementor-id=\"2646\" class=\"elementor elementor-2646\" data-elementor-post-type=\"jet-engine\">\n\t\t\t\t<div class=\"elementor-element elementor-element-dd231df e-flex e-con-boxed e-con e-parent\" data-id=\"dd231df\" data-element_type=\"container\">\n\t\t\t\t\t<div class=\"e-con-inner\">\n\t\t\t\t<div class=\"elementor-element elementor-element-786b511 mi-seccion elementor-widget elementor-widget-heading\" data-id=\"786b511\" data-element_type=\"widget\" data-widget_type=\"heading.default\">\n\t\t\t\t<div class=\"elementor-widget-container\">\n\t\t\t\t\t<h3 class=\"elementor-heading-title elementor-size-default\">De las Asambleas<\/h3>\t\t\t\t<\/div>\n\t\t\t\t<\/div>\n\t\t\t\t<div class=\"elementor-element elementor-element-ae9a671 mi-seccion elementor-widget elementor-widget-text-editor\" data-id=\"ae9a671\" data-element_type=\"widget\" data-widget_type=\"text-editor.default\">\n\t\t\t\t<div class=\"elementor-widget-container\">\n\t\t\t\t\t\t\t\t\t<h5><strong>Art\u00edculo 40.<\/strong><\/h5>\n<p>Podr\u00e1n ser, seg\u00fan el caso, Ordinarias y Extraordinarias.<\/p>\n\t\t\t\t\t\t\t\t<\/div>\n\t\t\t\t<\/div>\n\t\t\t\t\t<\/div>\n\t\t\t\t<\/div>\n\t\t\t\t<\/div>\n\t\t<\/div><div class=\"jet-listing-grid__item jet-listing-dynamic-post-2688 jet-listing-grid--4039\" data-post-id=\"2688\"  >\t\t<div data-elementor-type=\"jet-listing-items\" data-elementor-id=\"4039\" class=\"elementor elementor-4039\" data-elementor-post-type=\"jet-engine\">\n\t\t\t\t<div class=\"elementor-element elementor-element-9c15850 e-flex e-con-boxed e-con e-parent\" data-id=\"9c15850\" data-element_type=\"container\" data-settings=\"{&quot;background_background&quot;:&quot;classic&quot;}\">\n\t\t\t\t\t<div class=\"e-con-inner\">\n\t\t\t\t<div class=\"elementor-element elementor-element-16a4da2 mi-seccion elementor-widget elementor-widget-heading\" data-id=\"16a4da2\" data-element_type=\"widget\" data-widget_type=\"heading.default\">\n\t\t\t\t<div class=\"elementor-widget-container\">\n\t\t\t\t\t<h3 class=\"elementor-heading-title elementor-size-default\">Asamblea General Ordinaria<\/h3>\t\t\t\t<\/div>\n\t\t\t\t<\/div>\n\t\t\t\t<div class=\"elementor-element elementor-element-034d200 mi-seccion elementor-widget elementor-widget-text-editor\" data-id=\"034d200\" data-element_type=\"widget\" data-widget_type=\"text-editor.default\">\n\t\t\t\t<div class=\"elementor-widget-container\">\n\t\t\t\t\t\t\t\t\t<h5><strong>Art\u00edculo 41.<\/strong><\/h5>\n<p>La Asamblea General Ordinaria, se efectuar\u00e1, una vez por a\u00f1o dentro del plazo de 120 d\u00edas contados a partir de la fecha del cierre del ejercicio social anual. La fecha de cierre del ejercicio es el 31 de marzo de cada a\u00f1o. Son atribuciones de la Asamblea:<\/p>\n<ol>\n<li>Establecer los lineamientos de pol\u00edtica general de la ASOCIACION CIVIL CON PERSONER\u00cdA JUR\u00cdDICA DISUR, basados en la finalidad y objetivos para los que fue creada.<\/li>\n<li>\u00a0Aprobar los Estatutos de la ASOCIACION CIVIL CON PERSONER\u00cdA JUR\u00cdDICA DISUR y su reforma, por lo menos con dos tercios de votos de sus miembros presentes.<\/li>\n<li>Considerar, aprobar, rechazar o modificar la Memoria, Inventario, Balance General, Cuenta de Gastos y Recursos e Informe del Revisor de Cuentas<\/li>\n<li>Elegir los miembros de la Comisi\u00f3n Directiva y al Revisor de Cuentas y a las dem\u00e1s autoridades que los reemplacen;<\/li>\n<li>Aprobar las bases, modalidades de convocatorias y entrega de premios que los grupos permanentes y\/o el comit\u00e9 ejecutivo propongan.<\/li>\n<li>Aprobar el Reglamento interno de funcionamiento de los \u00f3rganos de la ASOCIACION CIVIL CON PERSONER\u00cdA JUR\u00cdDICA DISUR, as\u00ed como las reformas del mismo, a propuesta de los grupos permanentes y\/o el comit\u00e9 ejecutivo.<\/li>\n<li>Decidir sobre las solicitudes de ingreso de nuevos Miembros, por lo menos con dos tercios de votos de sus miembros presentes.<\/li>\n<li>Aprobar los programas y proyectos de inter\u00e9s para la ASOCIACION CIVIL CON PERSONER\u00cdA JUR\u00cdDICA DISUR, a propuesta de los grupos permanentes y\/o el comit\u00e9 ejecutivo.<\/li>\n<li>Decidir sobre sus fuentes de financiamiento y administraci\u00f3n.<\/li>\n<li>Definir las sedes de los encuentros anuales, a propuesta de sus miembros prevaleciendo el criterio de que sea rotativa.<\/li>\n<li>Considerar, si los hubiere, cualquier otro asunto consignado en la<br \/>\nconvocatoria.<\/li>\n<\/ol>\n\t\t\t\t\t\t\t\t<\/div>\n\t\t\t\t<\/div>\n\t\t\t\t\t<\/div>\n\t\t\t\t<\/div>\n\t\t\t\t<\/div>\n\t\t<\/div><div class=\"jet-listing-grid__item jet-listing-dynamic-post-2689\" data-post-id=\"2689\"  >\t\t<div data-elementor-type=\"jet-listing-items\" data-elementor-id=\"2646\" class=\"elementor elementor-2646\" data-elementor-post-type=\"jet-engine\">\n\t\t\t\t<div class=\"elementor-element elementor-element-dd231df e-flex e-con-boxed e-con e-parent\" data-id=\"dd231df\" data-element_type=\"container\">\n\t\t\t\t\t<div class=\"e-con-inner\">\n\t\t\t\t<div class=\"elementor-element elementor-element-786b511 mi-seccion elementor-widget elementor-widget-heading\" data-id=\"786b511\" data-element_type=\"widget\" data-widget_type=\"heading.default\">\n\t\t\t\t<div class=\"elementor-widget-container\">\n\t\t\t\t\t<h3 class=\"elementor-heading-title elementor-size-default\">Asamblea General Extraordinaria<\/h3>\t\t\t\t<\/div>\n\t\t\t\t<\/div>\n\t\t\t\t<div class=\"elementor-element elementor-element-ae9a671 mi-seccion elementor-widget elementor-widget-text-editor\" data-id=\"ae9a671\" data-element_type=\"widget\" data-widget_type=\"text-editor.default\">\n\t\t\t\t<div class=\"elementor-widget-container\">\n\t\t\t\t\t\t\t\t\t<h5><strong>Art\u00edculo 42.<\/strong><\/h5>\n<p>Las Asambleas Generales Extraordinarias, ser\u00e1n convocadas siempre que la Comisi\u00f3n Directiva lo juzgue necesario, o cuando las soliciten el Revisor de Cuentas o la soliciten a \u00e9stos \u00faltimos el 60% de los asociados con derecho a voto; el plazo para la realizaci\u00f3n de la misma no podr\u00e1 superar los 40 d\u00edas, caso contrario los solicitantes podr\u00e1n acudir ante la Inspecci\u00f3n General de Personas Jur\u00eddicas a sus efectos. Estos pedidos, deber\u00e1n ser efectuados por escrito y dando raz\u00f3n de ello a la Comisi\u00f3n Directiva o al Revisor de Cuentas; los pedidos deben ser resueltos dentro de un plazo no mayor a los 10 d\u00edas de la presentaci\u00f3n de los mismos.<\/p>\n<h5><strong>Art\u00edculo 43.<\/strong><\/h5>\n<p>Todas las Asambleas ser\u00e1n convocadas mediante comunicaci\u00f3n fehaciente del Secretario\/a, con una anticipaci\u00f3n no menor de 30 d\u00edas a la fecha de realizaci\u00f3n, sin contar el d\u00eda de la asamblea. La comunicaci\u00f3n podr\u00e1 hacerse a trav\u00e9s del mail de notificaciones@disur.edu.ar en el que figurar\u00e1 el siguiente texto\u2026\u201d La notificaci\u00f3n de actos administrativos por correo electr\u00f3nico goza de plena validez y eficacia jur\u00eddica en el \u00e1mbito de los procesos administrativos o acad\u00e9micos, teniendo los mismos alcances y efectos que los referidos en el Art. 11 de la Ley 19549 (Ley de Procedimientos Administrativos), result\u00e1ndo v\u00e1lidos los avisos, citaciones, intimaciones, notificaciones y comunicaciones). La presente notificaci\u00f3n ha sido dirigida a esta direcci\u00f3n de correo electr\u00f3nico por haber sido informada por Ud. a trav\u00e9s de la declaraci\u00f3n jurada anual y\/o a trav\u00e9s del formulario de actualizaci\u00f3n de datos personales u otro tipo de presentaci\u00f3n con car\u00e1cter de declaraci\u00f3n jurada.\u201d<\/p>\n<h5><strong>Art\u00edculo 44.<\/strong><\/h5>\n<p>La elecci\u00f3n se realizar\u00e1 en la Asamblea, y se har\u00e1 por votaci\u00f3n directa y por simple mayor\u00eda de los asociados activos presentes. La Comisi\u00f3n Directiva formular\u00e1 un padr\u00f3n de los Asociados en condiciones de participar en la Asamblea, y en el que se incluir\u00e1n todos los asociados en condiciones de votar que no se encuentren en mora con las cuotas sociales a esa fecha.<\/p>\n<h5><strong>Art\u00edculo 45.<\/strong><\/h5>\n<p>Las Asambleas se celebrar\u00e1n v\u00e1lidamente, sea cual fuere el n\u00famero de los Asociados concurrentes media hora despu\u00e9s de la se\u00f1alada en la convocatoria, si antes no se hubiera reunido ya, la mitad m\u00e1s uno de todos los Asociados con derecho a voto. Las resoluciones ser\u00e1n tomadas por el voto de la simple mayor\u00eda de asociados presentes, salvo que este Estatuto prevea una mayor\u00eda superior.<\/p>\n<h5><strong>Art\u00edculo 46.<\/strong><\/h5>\n<p>El presente Estatuto o los Reglamentos, podr\u00e1n ser modificados parcial o totalmente, por la Asamblea de Asociados con el voto favorable de las dos terceras partes de los Asociados con derecho a voto presentes en la misma.<\/p>\n\t\t\t\t\t\t\t\t<\/div>\n\t\t\t\t<\/div>\n\t\t\t\t\t<\/div>\n\t\t\t\t<\/div>\n\t\t\t\t<\/div>\n\t\t<\/div><div class=\"jet-listing-grid__item jet-listing-dynamic-post-2690 jet-listing-grid--4039\" data-post-id=\"2690\"  >\t\t<div data-elementor-type=\"jet-listing-items\" data-elementor-id=\"4039\" class=\"elementor elementor-4039\" data-elementor-post-type=\"jet-engine\">\n\t\t\t\t<div class=\"elementor-element elementor-element-9c15850 e-flex e-con-boxed e-con e-parent\" data-id=\"9c15850\" data-element_type=\"container\" data-settings=\"{&quot;background_background&quot;:&quot;classic&quot;}\">\n\t\t\t\t\t<div class=\"e-con-inner\">\n\t\t\t\t<div class=\"elementor-element elementor-element-16a4da2 mi-seccion elementor-widget elementor-widget-heading\" data-id=\"16a4da2\" data-element_type=\"widget\" data-widget_type=\"heading.default\">\n\t\t\t\t<div class=\"elementor-widget-container\">\n\t\t\t\t\t<h3 class=\"elementor-heading-title elementor-size-default\">Disoluci\u00f3n, Reforma del Estatuto<\/h3>\t\t\t\t<\/div>\n\t\t\t\t<\/div>\n\t\t\t\t<div class=\"elementor-element elementor-element-034d200 mi-seccion elementor-widget elementor-widget-text-editor\" data-id=\"034d200\" data-element_type=\"widget\" data-widget_type=\"text-editor.default\">\n\t\t\t\t<div class=\"elementor-widget-container\">\n\t\t\t\t\t\t\t\t\t<h5><strong>Art\u00edculo 47.<\/strong><\/h5>\n<p>La decisi\u00f3n de disoluci\u00f3n de la entidad podr\u00e1 ser resuelta en Asamblea especialmente convocada al efecto.<br \/>\nLa misma procede por:<\/p>\n<p><strong>a)<\/strong> las causales previstas en los art\u00edculos 48, 49 y 50. del C\u00f3digo Civil,<br \/>\n<strong>b)<\/strong> por decisi\u00f3n de sus asociados<br \/>\n<strong>c)<\/strong> cuando habiendo intentando en distintas oportunidades integrar los \u00f3rganos sociales, fuere imposible.<\/p>\n<h5><strong>Art\u00edculo 48.<\/strong><\/h5>\n<p>La decisi\u00f3n de disolver deber\u00e1 ser adoptada en una asamblea convocada al efecto, cuyo qu\u00f3rum sea de la tercera parte de los asociados con derecho a voto y con el voto de los dos tercios de los presentes Art\u00edculo 49.- En el caso de disoluci\u00f3n de la entidad se designar\u00e1 una Comisi\u00f3n Liquidadora que podr\u00e1 ser la misma comisi\u00f3n directiva en funciones o una integrada como m\u00ednimo por tres asociados activos. Las operaciones de liquidaci\u00f3n ser\u00e1n controladas por el revisor de cuentas e informadas a la Inspecci\u00f3n General de Personas Jur\u00eddicas para la cancelaci\u00f3n de la autorizaci\u00f3n para funcionar.<\/p>\n<h5><strong>Art\u00edculo 50.<\/strong><\/h5>\n<p>Una vez satisfechas las deudas sociales, el remanente de los bienes se destinar\u00e1 a una entidad de bien com\u00fan, con personer\u00eda jur\u00eddica, y que hubiera sido reconocida como entidad exenta impositivamente en el Impuesto a las Ganancias, habiendo obtenido de esta administraci\u00f3n (AFIP), el respectivo reconocimiento. De no ser ello posible, se destinar\u00e1n a un organismo nacional, provincial o municipal que decida la Asamblea que resolvi\u00f3 la disoluci\u00f3n.<\/p>\n\t\t\t\t\t\t\t\t<\/div>\n\t\t\t\t<\/div>\n\t\t\t\t\t<\/div>\n\t\t\t\t<\/div>\n\t\t\t\t<\/div>\n\t\t<\/div><div class=\"jet-listing-grid__item jet-listing-dynamic-post-2691\" data-post-id=\"2691\"  >\t\t<div data-elementor-type=\"jet-listing-items\" data-elementor-id=\"2646\" class=\"elementor elementor-2646\" data-elementor-post-type=\"jet-engine\">\n\t\t\t\t<div class=\"elementor-element elementor-element-dd231df e-flex e-con-boxed e-con e-parent\" data-id=\"dd231df\" data-element_type=\"container\">\n\t\t\t\t\t<div class=\"e-con-inner\">\n\t\t\t\t<div class=\"elementor-element elementor-element-786b511 mi-seccion elementor-widget elementor-widget-heading\" data-id=\"786b511\" data-element_type=\"widget\" data-widget_type=\"heading.default\">\n\t\t\t\t<div class=\"elementor-widget-container\">\n\t\t\t\t\t<h3 class=\"elementor-heading-title elementor-size-default\">Personer\u00eda Jur\u00eddica<\/h3>\t\t\t\t<\/div>\n\t\t\t\t<\/div>\n\t\t\t\t<div class=\"elementor-element elementor-element-ae9a671 mi-seccion elementor-widget elementor-widget-text-editor\" data-id=\"ae9a671\" data-element_type=\"widget\" data-widget_type=\"text-editor.default\">\n\t\t\t\t<div class=\"elementor-widget-container\">\n\t\t\t\t\t\t\t\t\t<h5><strong>Art\u00edculo 51.<\/strong><\/h5>\n<p>Unidades Acad\u00e9micas miembros adhieren el compromiso rubricado de formalizar la personer\u00eda jur\u00eddica del DISUR y su correspondiente administraci\u00f3n aut\u00e1rquica bajo la titularidad de la Presidencia, la Secretar\u00eda y un Miembro natural del consejo DISUR designado a tal efecto.<\/p>\n<p>&nbsp;<\/p>\n\t\t\t\t\t\t\t\t<\/div>\n\t\t\t\t<\/div>\n\t\t\t\t\t<\/div>\n\t\t\t\t<\/div>\n\t\t\t\t<\/div>\n\t\t<\/div><\/div><\/div>\t\t\t\t<\/div>\n\t\t\t\t<\/div>\n\t\t\t\t<\/div>\n\t\t\t\t<\/div>\n\t\t","protected":false},"excerpt":{"rendered":"<p>Estatuto y Carta de Intenci\u00f3n<\/p>\n","protected":false},"author":1,"featured_media":0,"parent":0,"menu_order":0,"comment_status":"closed","ping_status":"closed","template":"","meta":{"footnotes":""},"class_list":["post-1686","page","type-page","status-publish","hentry"],"_links":{"self":[{"href":"https:\/\/disur.edu.ar\/index.php\/wp-json\/wp\/v2\/pages\/1686","targetHints":{"allow":["GET"]}}],"collection":[{"href":"https:\/\/disur.edu.ar\/index.php\/wp-json\/wp\/v2\/pages"}],"about":[{"href":"https:\/\/disur.edu.ar\/index.php\/wp-json\/wp\/v2\/types\/page"}],"author":[{"embeddable":true,"href":"https:\/\/disur.edu.ar\/index.php\/wp-json\/wp\/v2\/users\/1"}],"replies":[{"embeddable":true,"href":"https:\/\/disur.edu.ar\/index.php\/wp-json\/wp\/v2\/comments?post=1686"}],"version-history":[{"count":136,"href":"https:\/\/disur.edu.ar\/index.php\/wp-json\/wp\/v2\/pages\/1686\/revisions"}],"predecessor-version":[{"id":4476,"href":"https:\/\/disur.edu.ar\/index.php\/wp-json\/wp\/v2\/pages\/1686\/revisions\/4476"}],"wp:attachment":[{"href":"https:\/\/disur.edu.ar\/index.php\/wp-json\/wp\/v2\/media?parent=1686"}],"curies":[{"name":"wp","href":"https:\/\/api.w.org\/{rel}","templated":true}]}}