{"id":1715,"date":"2024-10-20T21:05:50","date_gmt":"2024-10-21T00:05:50","guid":{"rendered":"https:\/\/edit.uta.cl\/disur_prueba\/?page_id=1715"},"modified":"2025-10-16T10:36:11","modified_gmt":"2025-10-16T13:36:11","slug":"cad","status":"publish","type":"page","link":"https:\/\/disur.edu.ar\/index.php\/cad\/","title":{"rendered":"CAD"},"content":{"rendered":"\t\t<div data-elementor-type=\"wp-page\" data-elementor-id=\"1715\" class=\"elementor elementor-1715\" data-elementor-post-type=\"page\">\n\t\t\t\t<div class=\"elementor-element elementor-element-946de3c e-flex e-con-boxed e-con e-parent\" data-id=\"946de3c\" data-element_type=\"container\">\n\t\t\t\t\t<div class=\"e-con-inner\">\n\t\t<div class=\"elementor-element elementor-element-3f55c54 e-con-full e-flex e-con e-child\" data-id=\"3f55c54\" data-element_type=\"container\">\n\t\t\t\t<div class=\"elementor-element elementor-element-cbdcb07 elementor-widget elementor-widget-heading\" data-id=\"cbdcb07\" data-element_type=\"widget\" data-widget_type=\"heading.default\">\n\t\t\t\t<div class=\"elementor-widget-container\">\n\t\t\t\t\t<h2 class=\"elementor-heading-title elementor-size-default\">2019. Comit\u00e9 Editorial DiSUR<\/h2>\t\t\t\t<\/div>\n\t\t\t\t<\/div>\n\t\t\t\t<\/div>\n\t\t\t\t\t<\/div>\n\t\t\t\t<\/div>\n\t\t<div class=\"elementor-element elementor-element-aedfe4e e-con-full e-flex e-con e-parent\" data-id=\"aedfe4e\" data-element_type=\"container\">\n\t\t\t\t<div class=\"elementor-element elementor-element-5327e74 elementor-widget elementor-widget-jet-listing-grid\" data-id=\"5327e74\" data-element_type=\"widget\" data-settings=\"{&quot;columns&quot;:&quot;1&quot;}\" data-widget_type=\"jet-listing-grid.default\">\n\t\t\t\t<div class=\"elementor-widget-container\">\n\t\t\t\t\t<div class=\"jet-listing-grid jet-listing\"><div class=\"jet-listing-grid__items grid-col-desk-1 grid-col-tablet-1 grid-col-mobile-1 jet-listing-grid--2996\" data-queried-id=\"1715|WP_Post\" data-nav=\"{&quot;enabled&quot;:false,&quot;type&quot;:null,&quot;more_el&quot;:null,&quot;query&quot;:[],&quot;widget_settings&quot;:{&quot;lisitng_id&quot;:2996,&quot;posts_num&quot;:100,&quot;columns&quot;:1,&quot;columns_tablet&quot;:1,&quot;columns_mobile&quot;:1,&quot;column_min_width&quot;:240,&quot;column_min_width_tablet&quot;:240,&quot;column_min_width_mobile&quot;:240,&quot;inline_columns_css&quot;:false,&quot;is_archive_template&quot;:&quot;&quot;,&quot;post_status&quot;:[&quot;publish&quot;],&quot;use_random_posts_num&quot;:&quot;&quot;,&quot;max_posts_num&quot;:9,&quot;not_found_message&quot;:&quot;No data was found&quot;,&quot;is_masonry&quot;:false,&quot;equal_columns_height&quot;:&quot;&quot;,&quot;use_load_more&quot;:&quot;&quot;,&quot;load_more_id&quot;:&quot;&quot;,&quot;load_more_type&quot;:&quot;click&quot;,&quot;load_more_offset&quot;:{&quot;unit&quot;:&quot;px&quot;,&quot;size&quot;:0,&quot;sizes&quot;:[]},&quot;use_custom_post_types&quot;:&quot;&quot;,&quot;custom_post_types&quot;:[],&quot;hide_widget_if&quot;:&quot;&quot;,&quot;carousel_enabled&quot;:&quot;&quot;,&quot;slides_to_scroll&quot;:&quot;1&quot;,&quot;arrows&quot;:&quot;true&quot;,&quot;arrow_icon&quot;:&quot;fa fa-angle-left&quot;,&quot;dots&quot;:&quot;&quot;,&quot;autoplay&quot;:&quot;true&quot;,&quot;pause_on_hover&quot;:&quot;true&quot;,&quot;autoplay_speed&quot;:5000,&quot;infinite&quot;:&quot;true&quot;,&quot;center_mode&quot;:&quot;&quot;,&quot;effect&quot;:&quot;slide&quot;,&quot;speed&quot;:500,&quot;inject_alternative_items&quot;:&quot;yes&quot;,&quot;injection_items&quot;:[{&quot;_id&quot;:&quot;4e0fcce&quot;,&quot;item&quot;:&quot;4260&quot;}],&quot;scroll_slider_enabled&quot;:&quot;&quot;,&quot;scroll_slider_on&quot;:[&quot;desktop&quot;,&quot;tablet&quot;,&quot;mobile&quot;],&quot;custom_query&quot;:false,&quot;custom_query_id&quot;:&quot;&quot;,&quot;_element_id&quot;:&quot;&quot;,&quot;collapse_first_last_gap&quot;:false,&quot;list_tag_selection&quot;:&quot;&quot;,&quot;list_items_wrapper_tag&quot;:&quot;div&quot;,&quot;list_item_tag&quot;:&quot;div&quot;,&quot;empty_items_wrapper_tag&quot;:&quot;div&quot;}}\" data-page=\"1\" data-pages=\"1\" data-listing-source=\"posts\" data-listing-id=\"2996\" data-query-id=\"\"><div class=\"jet-listing-grid__item jet-listing-dynamic-post-2995\" data-post-id=\"2995\"  >\t\t<div data-elementor-type=\"jet-listing-items\" data-elementor-id=\"2996\" class=\"elementor elementor-2996\" data-elementor-post-type=\"jet-engine\">\n\t\t\t\t<div class=\"elementor-element elementor-element-80bb29a e-flex e-con-boxed e-con e-parent\" data-id=\"80bb29a\" data-element_type=\"container\">\n\t\t\t\t\t<div class=\"e-con-inner\">\n\t\t<div class=\"elementor-element elementor-element-5db3137 e-con-full e-flex e-con e-child\" data-id=\"5db3137\" data-element_type=\"container\">\n\t\t\t\t<div class=\"elementor-element elementor-element-069e59b mi-seccion elementor-widget elementor-widget-heading\" data-id=\"069e59b\" data-element_type=\"widget\" data-widget_type=\"heading.default\">\n\t\t\t\t<div class=\"elementor-widget-container\">\n\t\t\t\t\t<h3 class=\"elementor-heading-title elementor-size-default\">1. Universidad Federal de Paran\u00e1. Brasil<\/h3>\t\t\t\t<\/div>\n\t\t\t\t<\/div>\n\t\t\t\t<\/div>\n\t\t<div class=\"elementor-element elementor-element-86c2ebb e-con-full e-flex e-con e-child\" data-id=\"86c2ebb\" data-element_type=\"container\">\n\t\t\t\t<div class=\"elementor-element elementor-element-d5deeea mi-seccion elementor-widget elementor-widget-text-editor\" data-id=\"d5deeea\" data-element_type=\"widget\" data-widget_type=\"text-editor.default\">\n\t\t\t\t<div class=\"elementor-widget-container\">\n\t\t\t\t\t\t\t\t\t<p><strong>Ken Fl\u00e1vio Ono Fonseca<\/strong><br \/>\nBrasileiro, graduado em Design de Produto, Mestre em Tecnologia (UTFPR\/PPGTE) e atualmente cursando o Doutorado em Design (UFPR\/PPGDESIGN). \u00c9 professor e pesquisador do Departamento de Design da Universidade Federal do Paran\u00e1 (Curitiba, Pr, Brasil) desde 2006. Possui experi\u00eancia profissional e acad\u00eamica no campo do design e desenvolve pesquisa em pol\u00edticas p\u00fablicas de design e gest\u00e3o de design com foco em micro e pequenas empresas. Entre outras atividades \u00e9 colaborador do Centro Brasil Design (institui\u00e7\u00e3o refer\u00eancia na promo\u00e7\u00e3o do design no Brasil), participando de planejamento estrat\u00e9gico, consultorias e programas de treinamento. Realiza regularmente palestras em eventos nacionais e internacionais. Atuou como membro de comit\u00eas t\u00e9cnicos e executivos, como na Bienal Brasileira de Design 2010, e em concursos de design como no iF Concept Design Award (2013\/14\/15) .<br \/>\n<strong>Contato: ken.fonseca@gmail.com |\u00a0telefone: +55 41 991241658<\/strong><\/p>\n<hr \/>\n<p>&nbsp;<\/p>\n<p><strong>Nivaldo Sim\u00f5es Gomes<br \/>\n<\/strong>Brasileiro, possui gradua\u00e7\u00e3o em Desenho Industrial pela Universidade Federal de Campina Grande (2007), mestrado em Design, com foco no Design Sustent\u00e1vel, pela Universidade Federal do Paran\u00e1 (2011) e doutorado no Programa de P\u00f3s-Gradua\u00e7\u00e3o em Tecnologia da Universidade Tecnol\u00f3gica Federal do Paran\u00e1 (2016). Tem experi\u00eancia na \u00e1rea de Desenho Industrial, com \u00eanfase em Desenho de Produto, atuando principalmente nos seguintes temas: M\u00e9todos e Processos para Desenvolvimento de Produtos; T\u00e9cnicas e ferramentas de criatividade; Dimens\u00f5es Ambiental e Social do Design Sustent\u00e1vel; Sistema de Produtos + Servi\u00e7o; Design &amp; Consumo; e Design &amp; Tecnologia.<br \/>\n<strong>Contato: nivaldo_gomes@yahoo.com.br | telefone: +55 41 984714758<\/strong><\/p>\n<hr \/>\n<p>&nbsp;<\/p>\n<p><strong>Cl\u00e1udia R. Hasegawa Zacar<br \/>\n<\/strong>Brasileira, possui gradua\u00e7\u00e3o (2006) e Mestrado (2009) em Design pela Universidade Federal do Paran\u00e1 (UFPR) e Doutorado (2018) em Tecnologia &amp; Sociedade pela Universidade Tecnol\u00f3gica Federal do Paran\u00e1 (UTFPR). \u00c9 professora do Departamento de Design da Universidade Federal do Paran\u00e1 (UFPR) desde 2012, e atualmente coordena o curso de Design de Produto. Tem experi\u00eancia na \u00e1rea de Design, atuando principalmente nos seguintes temas: design de produto, hist\u00f3ria do design, cultural material, rela\u00e7\u00f5es de g\u00eanero.<br \/>\n<strong>Contato: claudiahzacar@gmail.com | telefone: +55 41 988635467<\/strong><\/p>\n\t\t\t\t\t\t\t\t<\/div>\n\t\t\t\t<\/div>\n\t\t\t\t<\/div>\n\t\t\t\t\t<\/div>\n\t\t\t\t<\/div>\n\t\t\t\t<\/div>\n\t\t<\/div><div class=\"jet-listing-grid__item jet-listing-dynamic-post-3004 jet-listing-grid--4260\" data-post-id=\"3004\"  ><style>.elementor-4260 .elementor-element.elementor-element-0ff4e2f{--display:flex;--flex-direction:column;--container-widget-width:calc( ( 1 - var( --container-widget-flex-grow ) ) * 100% );--container-widget-height:initial;--container-widget-flex-grow:0;--container-widget-align-self:initial;--flex-wrap-mobile:wrap;--align-items:center;--padding-top:4%;--padding-bottom:4%;--padding-left:0%;--padding-right:0%;}.elementor-4260 .elementor-element.elementor-element-0ff4e2f:not(.elementor-motion-effects-element-type-background), .elementor-4260 .elementor-element.elementor-element-0ff4e2f > .elementor-motion-effects-container > .elementor-motion-effects-layer{background-color:#F6F6F6;}.elementor-4260 .elementor-element.elementor-element-dfe36c0{--display:flex;}.elementor-4260 .elementor-element.elementor-element-51dac70 .elementor-heading-title{font-family:\"Roboto\", Roboto;font-size:32px;font-weight:700;color:var( --e-global-color-8eb6a83 );}.elementor-4260 .elementor-element.elementor-element-715a23d{--display:flex;}.elementor-4260 .elementor-element.elementor-element-715a23d.e-con{--align-self:flex-start;}.elementor-4260 .elementor-element.elementor-element-a3218c2{columns:1;font-family:\"Roboto\", Roboto;font-size:16px;}@media(max-width:1024px){.elementor-4260 .elementor-element.elementor-element-0ff4e2f{--padding-top:5%;--padding-bottom:5%;--padding-left:5%;--padding-right:5%;}}@media(max-width:767px){.elementor-4260 .elementor-element.elementor-element-0ff4e2f{--gap:5px 5px;--row-gap:5px;--column-gap:5px;}.elementor-4260 .elementor-element.elementor-element-51dac70 .elementor-heading-title{font-size:25px;}}@media(min-width:768px){.elementor-4260 .elementor-element.elementor-element-dfe36c0{--width:100%;}.elementor-4260 .elementor-element.elementor-element-715a23d{--width:75%;}}@media(max-width:1024px) and (min-width:768px){.elementor-4260 .elementor-element.elementor-element-715a23d{--width:100%;}}<\/style>\t\t<div data-elementor-type=\"jet-listing-items\" data-elementor-id=\"4260\" class=\"elementor elementor-4260\" data-elementor-post-type=\"jet-engine\">\n\t\t\t\t<div class=\"elementor-element elementor-element-0ff4e2f e-flex e-con-boxed e-con e-parent\" data-id=\"0ff4e2f\" data-element_type=\"container\" data-settings=\"{&quot;background_background&quot;:&quot;classic&quot;}\">\n\t\t\t\t\t<div class=\"e-con-inner\">\n\t\t<div class=\"elementor-element elementor-element-dfe36c0 e-con-full e-flex e-con e-child\" data-id=\"dfe36c0\" data-element_type=\"container\">\n\t\t\t\t<div class=\"elementor-element elementor-element-51dac70 mi-seccion elementor-widget elementor-widget-heading\" data-id=\"51dac70\" data-element_type=\"widget\" data-widget_type=\"heading.default\">\n\t\t\t\t<div class=\"elementor-widget-container\">\n\t\t\t\t\t<h3 class=\"elementor-heading-title elementor-size-default\"> 2. Universidad Nacional de C\u00f3rdoba<\/h3>\t\t\t\t<\/div>\n\t\t\t\t<\/div>\n\t\t\t\t<\/div>\n\t\t<div class=\"elementor-element elementor-element-715a23d e-con-full e-flex e-con e-child\" data-id=\"715a23d\" data-element_type=\"container\">\n\t\t\t\t<div class=\"elementor-element elementor-element-a3218c2 mi-seccion elementor-widget elementor-widget-text-editor\" data-id=\"a3218c2\" data-element_type=\"widget\" data-widget_type=\"text-editor.default\">\n\t\t\t\t<div class=\"elementor-widget-container\">\n\t\t\t\t\t\t\t\t\t<p><strong>DI Alejandro Dantas, Arquitecta<\/strong><br \/>\nDocente investigadora del \u00e1rea Morfolog\u00eda, investiga sobre tem\u00e1ticas relacionadas a los nuevos lenguajes en relaci\u00f3n a las nuevas tecnolog\u00edas. Tesista de la Maestr\u00eda en Gesti\u00f3n Ambiental del Desarrollo Urbano de la Facultad de Arquitectura, Urbanismo y Dise\u00f1o de la Universidad Nacional de C\u00f3rdoba. Ha participado de numerosos eventos cient\u00edficos y publicado sobre tem\u00e1ticas referidas a sus l\u00edneas de investigaci\u00f3n.<\/p>\n<hr \/>\n<p>&nbsp;<\/p>\n<p><strong>Arq Paula Bourdichon, Dise\u00f1ador Industrial<br \/>\n<\/strong>Docente investigador del \u00e1rea de Dise\u00f1o, investiga sobre la tem\u00e1tica de Dise\u00f1o Emocional. Tesista de la Maestr\u00eda en Administraci\u00f3n de empresas de la Universidad Tecnol\u00f3gica Nacional. Facultad Regional C\u00f3rdoba. Ha participado en Proyectos de Extensi\u00f3n e Investigaci\u00f3n en su unidad acad\u00e9mica.<\/p>\n<hr \/>\n<p>&nbsp;<\/p>\n<p><strong>DI Mar\u00eda Laura Tsuru, Dise\u00f1adora Industrial<\/strong><br \/>\nMagister en Gesti\u00f3n Ambiental del Desarrollo Urbano.<br \/>\nDocente investigadora del \u00e1rea Teor\u00eda, investiga sobre tem\u00e1ticas relacionadas al Dise\u00f1o sustentable. Ha participado de numerosos eventos cient\u00edficos y publicado sobre tem\u00e1ticas referidas a sus l\u00edneas de investigaci\u00f3n.<\/p>\n\t\t\t\t\t\t\t\t<\/div>\n\t\t\t\t<\/div>\n\t\t\t\t<\/div>\n\t\t\t\t\t<\/div>\n\t\t\t\t<\/div>\n\t\t\t\t<\/div>\n\t\t<\/div><div class=\"jet-listing-grid__item jet-listing-dynamic-post-3008\" data-post-id=\"3008\"  >\t\t<div data-elementor-type=\"jet-listing-items\" data-elementor-id=\"2996\" class=\"elementor elementor-2996\" data-elementor-post-type=\"jet-engine\">\n\t\t\t\t<div class=\"elementor-element elementor-element-80bb29a e-flex e-con-boxed e-con e-parent\" data-id=\"80bb29a\" data-element_type=\"container\">\n\t\t\t\t\t<div class=\"e-con-inner\">\n\t\t<div class=\"elementor-element elementor-element-5db3137 e-con-full e-flex e-con e-child\" data-id=\"5db3137\" data-element_type=\"container\">\n\t\t\t\t<div class=\"elementor-element elementor-element-069e59b mi-seccion elementor-widget elementor-widget-heading\" data-id=\"069e59b\" data-element_type=\"widget\" data-widget_type=\"heading.default\">\n\t\t\t\t<div class=\"elementor-widget-container\">\n\t\t\t\t\t<h3 class=\"elementor-heading-title elementor-size-default\">3. Universidad Nacional de San Juan<\/h3>\t\t\t\t<\/div>\n\t\t\t\t<\/div>\n\t\t\t\t<\/div>\n\t\t<div class=\"elementor-element elementor-element-86c2ebb e-con-full e-flex e-con e-child\" data-id=\"86c2ebb\" data-element_type=\"container\">\n\t\t\t\t<div class=\"elementor-element elementor-element-d5deeea mi-seccion elementor-widget elementor-widget-text-editor\" data-id=\"d5deeea\" data-element_type=\"widget\" data-widget_type=\"text-editor.default\">\n\t\t\t\t<div class=\"elementor-widget-container\">\n\t\t\t\t\t\t\t\t\t<h4>Facultad de Arquitectura, Urbanismo y Dise\u00f1o<\/h4>\n<p><strong>Dra. Arq. Mar\u00eda Isabel Balmaceda<\/strong><br \/>\nDNI 14711992. mbalmaceda@faud.unsj.edu.ar , celular: 0264 6621106<\/p>\n<hr \/>\n<p><strong>Esp. Arq. Estela Carossia<\/strong><br \/>\nDNI 13395718, estelacarossia@yahoo.com.ar, Cel. +54 9 264 15 526 1851\u202c<\/p>\n<hr \/>\n<p><strong>DG Claudia Molina<\/strong><br \/>\nDNI 23715489, claudia.molina@speedy.com.ar, celular: 0264 400329<\/p>\n\t\t\t\t\t\t\t\t<\/div>\n\t\t\t\t<\/div>\n\t\t\t\t<\/div>\n\t\t\t\t\t<\/div>\n\t\t\t\t<\/div>\n\t\t\t\t<\/div>\n\t\t<\/div><div class=\"jet-listing-grid__item jet-listing-dynamic-post-3011 jet-listing-grid--4260\" data-post-id=\"3011\"  >\t\t<div data-elementor-type=\"jet-listing-items\" data-elementor-id=\"4260\" class=\"elementor elementor-4260\" data-elementor-post-type=\"jet-engine\">\n\t\t\t\t<div class=\"elementor-element elementor-element-0ff4e2f e-flex e-con-boxed e-con e-parent\" data-id=\"0ff4e2f\" data-element_type=\"container\" data-settings=\"{&quot;background_background&quot;:&quot;classic&quot;}\">\n\t\t\t\t\t<div class=\"e-con-inner\">\n\t\t<div class=\"elementor-element elementor-element-dfe36c0 e-con-full e-flex e-con e-child\" data-id=\"dfe36c0\" data-element_type=\"container\">\n\t\t\t\t<div class=\"elementor-element elementor-element-51dac70 mi-seccion elementor-widget elementor-widget-heading\" data-id=\"51dac70\" data-element_type=\"widget\" data-widget_type=\"heading.default\">\n\t\t\t\t<div class=\"elementor-widget-container\">\n\t\t\t\t\t<h3 class=\"elementor-heading-title elementor-size-default\">4. Universidad Nacional de Rosario<\/h3>\t\t\t\t<\/div>\n\t\t\t\t<\/div>\n\t\t\t\t<\/div>\n\t\t<div class=\"elementor-element elementor-element-715a23d e-con-full e-flex e-con e-child\" data-id=\"715a23d\" data-element_type=\"container\">\n\t\t\t\t<div class=\"elementor-element elementor-element-a3218c2 mi-seccion elementor-widget elementor-widget-text-editor\" data-id=\"a3218c2\" data-element_type=\"widget\" data-widget_type=\"text-editor.default\">\n\t\t\t\t<div class=\"elementor-widget-container\">\n\t\t\t\t\t\t\t\t\t<h4>Facultad de Arquitectura, Planeamiento y Dise\u00f1o<\/h4>\n<p><strong>M\u00f3nica Pujol Romero, Doctora en Dise\u00f1o<\/strong><br \/>\nProfesora e Investigadora. Directora del Posgrado de Dise\u00f1o Estrat\u00e9gico. Directora de la Carrera de Dise\u00f1o Industrial. Subsecretaria Acad\u00e9mica FADU UBA. Directora del Proyecto de Investigaci\u00f3n de Mapas Digitales del Impacto del Dise\u00f1o en la Regi\u00f3n. T\u00edtulo de base: Dise\u00f1o Gr\u00e1fico.<br \/>\n<strong>Cel. +54 911 4196-0366, monicapujol@gmail.com<\/strong><\/p>\n<hr \/>\n<p>&nbsp;<\/p>\n<p><strong>Ricardo Bueno, arquitecto<br \/>\n<\/strong>Director de lo Postitulos de Dise\u00f1o en Comunicaci\u00f3n Visual y Equipamiento Urbano y Arquitect\u00f3nico. Pr<br \/>\n<strong>Cel. +54 341 613 0623\u202c, arq_ricardo_bueno@yahoo.com.ar<\/strong><\/p>\n<hr \/>\n<p>&nbsp;<\/p>\n<p><strong>Mart\u00edn Olavarr\u00eda, Dise\u00f1ador Industrial<\/strong><br \/>\nReferente profesional en el sistema agr\u00edcola argentino. Profesor de tecnolog\u00eda en la Carrera de grado de Dise\u00f1o Industrial en la FAPyD UNR.<br \/>\n<strong>Cel. \u202d+54 9 3465 66 0744\u202c\u202c\u202c\u202c, martinolavarria@pampacom.com.ar, mola@pampacom.com.ar\u202c\u202c\u202c\u202c\u202c\u202c\u202c<\/strong><\/p>\n\t\t\t\t\t\t\t\t<\/div>\n\t\t\t\t<\/div>\n\t\t\t\t<\/div>\n\t\t\t\t\t<\/div>\n\t\t\t\t<\/div>\n\t\t\t\t<\/div>\n\t\t<\/div><div class=\"jet-listing-grid__item jet-listing-dynamic-post-3012\" data-post-id=\"3012\"  >\t\t<div data-elementor-type=\"jet-listing-items\" data-elementor-id=\"2996\" class=\"elementor elementor-2996\" data-elementor-post-type=\"jet-engine\">\n\t\t\t\t<div class=\"elementor-element elementor-element-80bb29a e-flex e-con-boxed e-con e-parent\" data-id=\"80bb29a\" data-element_type=\"container\">\n\t\t\t\t\t<div class=\"e-con-inner\">\n\t\t<div class=\"elementor-element elementor-element-5db3137 e-con-full e-flex e-con e-child\" data-id=\"5db3137\" data-element_type=\"container\">\n\t\t\t\t<div class=\"elementor-element elementor-element-069e59b mi-seccion elementor-widget elementor-widget-heading\" data-id=\"069e59b\" data-element_type=\"widget\" data-widget_type=\"heading.default\">\n\t\t\t\t<div class=\"elementor-widget-container\">\n\t\t\t\t\t<h3 class=\"elementor-heading-title elementor-size-default\">5. Universidad de Valpara\u00edso <\/h3>\t\t\t\t<\/div>\n\t\t\t\t<\/div>\n\t\t\t\t<\/div>\n\t\t<div class=\"elementor-element elementor-element-86c2ebb e-con-full e-flex e-con e-child\" data-id=\"86c2ebb\" data-element_type=\"container\">\n\t\t\t\t<div class=\"elementor-element elementor-element-d5deeea mi-seccion elementor-widget elementor-widget-text-editor\" data-id=\"d5deeea\" data-element_type=\"widget\" data-widget_type=\"text-editor.default\">\n\t\t\t\t<div class=\"elementor-widget-container\">\n\t\t\t\t\t\t\t\t\t<h4>Escuela de Dise\u00f1o<\/h4>\n<p><strong>Ana Mar\u00eda Iglesias Daveggio<\/strong><br \/>\nDise\u00f1adora Menci\u00f3n Textil y Licenciada en Dise\u00f1o de la Universidad de Valpara\u00edso, Mag\u00edster en Dise\u00f1o Estrat\u00e9gico de la Universidad de Valpara\u00edso en alianza con la Universidad Polit\u00e9cnica de Mil\u00e1n. Obtuvo la jerarqu\u00eda de Profesora Titular el a\u00f1o 2009. Durante la carrera acad\u00e9mica ha desarrollado funciones docentes, de investigaci\u00f3n, extensi\u00f3n y acad\u00e9mico-administrativas, asumiendo la Secretar\u00eda de Planificaci\u00f3n de la Escuela de Dise\u00f1o de los a\u00f1os 2011 al 2015. En el \u00e1mbito profesional externo a la Universidad, posee experiencia en asesor\u00edas a medianos y peque\u00f1os empresarios. Las principales \u00e1reas de dominio y desarrollo corresponden al \u00e1mbito textil en su proceso completo, con particularidad en la tintorer\u00eda de textiles en diversos formatos y or\u00edgenes de fibras, en conjunto con la formulaci\u00f3n de proyectos y la investigaci\u00f3n. Como principales intereses, lograr plasmar el propio hacer de manera que sea traspasado a nuevas generaciones, como en el caso del libro Colores Nativos para Dise\u00f1ar, postulaci\u00f3n adjudicada en el primer Concurso Interno de Publicaciones Acad\u00e9micas de la Universidad de Valpara\u00edso, convocatoria 2015. En dicho libro, a partir de resultados de investigaci\u00f3n se da cuenta e integra el proceso de te\u00f1ido natural y la identidad del territorio. Nombre : Ana Mar\u00eda Iglesias Daveggio | Nacionalidad : Chilena.<br \/>\n<strong>Tel\u00e9fono : 2122848 \u2013 (09) 92770403 | anamaria.iglesias@uv.cl<\/strong><\/p>\n<hr \/>\n<p>&nbsp;<\/p>\n<p><strong>Alejandro Osorio Mor\u00e1n<br \/>\n<\/strong>Licenciado en Dise\u00f1o, Dise\u00f1ador Industrial, Menci\u00f3n Productos Profesional de la Universidad de Valpara\u00edso. Ha ejercido como dise\u00f1ador en el \u00e1rea profesional desde 1990, incorpor\u00e1ndose a la academia el a\u00f1o 2000. Su labor acad\u00e9mica-profesional la ha vinculado al desarrollo territorial, a trav\u00e9s de la vinculaci\u00f3n, investigaci\u00f3n e interacci\u00f3n con comunidad en la estructuraci\u00f3n de la etno competitividad. Actualmente es Director de la Escuela de Dise\u00f1o de la Universidad de Valpara\u00edso, vinculado a la REDIS ( Red de Escuelas que imparten Dise\u00f1o en<br \/>\nUniversidades P\u00fablicas en Chile), adem\u00e1s participa desde el 2012 como Jurado en proyectos FONDART ( Fondos Nacionales para el Desarrollo de las Artes) en el \u00e1rea de Dise\u00f1o, Artesan\u00eda, Creaci\u00f3n y Audiovisuales.<br \/>\n<strong>alejandro.osorio@uv.cl, +56 993184470<\/strong><\/p>\n\t\t\t\t\t\t\t\t<\/div>\n\t\t\t\t<\/div>\n\t\t\t\t<\/div>\n\t\t\t\t\t<\/div>\n\t\t\t\t<\/div>\n\t\t\t\t<\/div>\n\t\t<\/div><div class=\"jet-listing-grid__item jet-listing-dynamic-post-3013 jet-listing-grid--4260\" data-post-id=\"3013\"  >\t\t<div data-elementor-type=\"jet-listing-items\" data-elementor-id=\"4260\" class=\"elementor elementor-4260\" data-elementor-post-type=\"jet-engine\">\n\t\t\t\t<div class=\"elementor-element elementor-element-0ff4e2f e-flex e-con-boxed e-con e-parent\" data-id=\"0ff4e2f\" data-element_type=\"container\" data-settings=\"{&quot;background_background&quot;:&quot;classic&quot;}\">\n\t\t\t\t\t<div class=\"e-con-inner\">\n\t\t<div class=\"elementor-element elementor-element-dfe36c0 e-con-full e-flex e-con e-child\" data-id=\"dfe36c0\" data-element_type=\"container\">\n\t\t\t\t<div class=\"elementor-element elementor-element-51dac70 mi-seccion elementor-widget elementor-widget-heading\" data-id=\"51dac70\" data-element_type=\"widget\" data-widget_type=\"heading.default\">\n\t\t\t\t<div class=\"elementor-widget-container\">\n\t\t\t\t\t<h3 class=\"elementor-heading-title elementor-size-default\">6. Universidad Nacional de Asunci\u00f3n<\/h3>\t\t\t\t<\/div>\n\t\t\t\t<\/div>\n\t\t\t\t<\/div>\n\t\t<div class=\"elementor-element elementor-element-715a23d e-con-full e-flex e-con e-child\" data-id=\"715a23d\" data-element_type=\"container\">\n\t\t\t\t<div class=\"elementor-element elementor-element-a3218c2 mi-seccion elementor-widget elementor-widget-text-editor\" data-id=\"a3218c2\" data-element_type=\"widget\" data-widget_type=\"text-editor.default\">\n\t\t\t\t<div class=\"elementor-widget-container\">\n\t\t\t\t\t\t\t\t\t<h4>Facultad de Artes y Dise\u00f1o<\/h4>\n<p><strong>DG Patricia Samudio.<\/strong><br \/>\nLicenciada en Dise\u00f1o Gr\u00e1fico, por la Universidad Cat\u00f3lica Nuestra Se\u00f1ora de la Asunci\u00f3n (sede<br \/>\nAsunci\u00f3n, Campus)<\/p>\n<ul>\n<li>Master en Dise\u00f1o Editorial y Publicaciones Digitales (a Distancia), finalizado en mayo de 2018 (titulaci\u00f3n en curso), por la Escuela Superior de Dise\u00f1o de Barcelona.<\/li>\n<li>Maestr\u00eda en Educaci\u00f3n Superior (a Distancia y finalizaci\u00f3n pendiente), por la Universidad Columbia del Paragua.<\/li>\n<li>Profesora asistente en las c\u00e1tedras de Dise\u00f1o Gr\u00e1fico IV (Editorial) y Dise\u00f1o Gr\u00e1fico VI (Proyecto de Trabajo Final de Grado) en la Carrera de Dise\u00f1o Industrial, Menci\u00f3n Gr\u00e1fico de la Facultad de Arquitectura, Dise\u00f1o y Arte de la Universidad Nacional de Asunci\u00f3n (Paraguay).<\/li>\n<li>Profesora encargada en asignaturas libres relacionadas con el dise\u00f1o de interfases digitales<br \/>\n(Web) y el dise\u00f1o tipogr\u00e1fico.<\/li>\n<li>Profesora encargada en la asignatura Dise\u00f1o Digital I y II en la carrera de Dise\u00f1o de Indumentaria Esc\u00e9cnica y Urbana del Instituto Superior de Arte de la Facultad de Arquitectura, Dise\u00f1o y Arte.<\/li>\n<li>Docente tutor y organizador de proyectos de extensi\u00f3n universitaria desde la C\u00e1tedra de Dise\u00f1o Gr\u00e1fico IV.<\/li>\n<li>\u00c1reas de inter\u00e9s profesional y acad\u00e9mico: Gesti\u00f3n Editorial, Fabricaci\u00f3n digital, TIC, Visualizaci\u00f3n de Datos, UX\/UI, Did\u00e1ctica, Educaci\u00f3n a Distancia.<\/li>\n<li>\u00c1reas de inter\u00e9s personal: arte, ciencia y tecnolog\u00eda, educaci\u00f3n, pol\u00edtica, sociedad y cultura.<\/li>\n<\/ul>\n<p><strong><br \/>\ne-mail: paty.samudio@gmail.com | Mobile: +595 971122440 | Skype: psamudio<\/strong><\/p>\n<hr \/>\n<p>&nbsp;<\/p>\n<p><strong>DG Eduardo Barreto. Arq. Luz Marina Ayala Urbieta<\/strong><\/p>\n<p>Docente Investigador de Dedicaci\u00f3n Completa \u2013 DIDCom FADA\/UNA, l\u00ednea de investigaci\u00f3n enfocada al estudio de la cultura material paraguaya. Arquitecta y Licenciada en Artes Visuales por la Facultad de Arquitectura, Dise\u00f1o y Arte de la Universidad Nacional de Asunci\u00f3n.<\/p>\n<p><strong>Postgrados<\/strong><\/p>\n<ul>\n<li>Especialista en Did\u00e1ctica Superior Universitaria \u2013 Direcci\u00f3n de Posgrado \/ UNA.<\/li>\n<li>Especialista en Dise\u00f1o de Muebles \u2013 Facultad de Arquitectura, Dise\u00f1o y Arte \u2013 FADA \/UNA.<\/li>\n<li>Especialista en Museograf\u00eda e Historia del Arte por la Universidad Cat\u00f3lica de Asunci\u00f3n.<\/li>\n<li>Actualmente becaria de la Maestr\u00eda en Gesti\u00f3n de la Investigaci\u00f3n y la Informaci\u00f3n por la Facultad Polit\u00e9cnica \/ UNA<\/li>\n<\/ul>\n<p>&nbsp;<\/p>\n<p><strong>DOCENTE EN LA CARRERA DE DISE\u00d1O INDUSTRIAL \u2013 FADA \/ UNA EN LAS C\u00c1TEDRAS:<\/strong><\/p>\n<ul>\n<li>Historia &amp; Teor\u00eda del Dise\u00f1o I \u2013 Primer semestre<\/li>\n<li>Dise\u00f1o de Productos III \u2013 Tercer semestre<\/li>\n<li>Historia del Textil e Iconograf\u00eda Amerindia \u2013 Materia optativa<\/li>\n<\/ul>\n<p>&nbsp;<\/p>\n<p><strong>DOCENTE DE LA CARRERA DE ARQUITECTURA \u2013 FADA \/ UNA<\/strong><\/p>\n<ul>\n<li>Historia de la Arquitectura 1 \u2013 Segundo semestre<br \/>\nHistoria de la Arquitectura 5 \u2013 Sexto semestre<\/li>\n<\/ul>\n<p>&nbsp;<\/p>\n<p><strong>LIBROS PUBLICADOS<\/strong><\/p>\n<ul>\n<li>Cat\u00e1logo de Etno Dise\u00f1o \u2013 La otra piel. La sociedad caduvea y su expresi\u00f3n corporal, 2011.<\/li>\n<li>Historia del Mueble Paraguayo. Desde el mueble nativo al contempor\u00e1neo, 2017.<\/li>\n<\/ul>\n<p><strong>Prof. Arq. Luz Ayala Urbieta | DIDCom FADA \/ UNA | Cel. 0981 922 144 | luzmarinaurbieta@gmail.com<\/strong><\/p>\n\t\t\t\t\t\t\t\t<\/div>\n\t\t\t\t<\/div>\n\t\t\t\t<\/div>\n\t\t\t\t\t<\/div>\n\t\t\t\t<\/div>\n\t\t\t\t<\/div>\n\t\t<\/div><div class=\"jet-listing-grid__item jet-listing-dynamic-post-3014\" data-post-id=\"3014\"  >\t\t<div data-elementor-type=\"jet-listing-items\" data-elementor-id=\"2996\" class=\"elementor elementor-2996\" data-elementor-post-type=\"jet-engine\">\n\t\t\t\t<div class=\"elementor-element elementor-element-80bb29a e-flex e-con-boxed e-con e-parent\" data-id=\"80bb29a\" data-element_type=\"container\">\n\t\t\t\t\t<div class=\"e-con-inner\">\n\t\t<div class=\"elementor-element elementor-element-5db3137 e-con-full e-flex e-con e-child\" data-id=\"5db3137\" data-element_type=\"container\">\n\t\t\t\t<div class=\"elementor-element elementor-element-069e59b mi-seccion elementor-widget elementor-widget-heading\" data-id=\"069e59b\" data-element_type=\"widget\" data-widget_type=\"heading.default\">\n\t\t\t\t<div class=\"elementor-widget-container\">\n\t\t\t\t\t<h3 class=\"elementor-heading-title elementor-size-default\">7. Universidad de la Rep\u00fablica<\/h3>\t\t\t\t<\/div>\n\t\t\t\t<\/div>\n\t\t\t\t<\/div>\n\t\t<div class=\"elementor-element elementor-element-86c2ebb e-con-full e-flex e-con e-child\" data-id=\"86c2ebb\" data-element_type=\"container\">\n\t\t\t\t<div class=\"elementor-element elementor-element-d5deeea mi-seccion elementor-widget elementor-widget-text-editor\" data-id=\"d5deeea\" data-element_type=\"widget\" data-widget_type=\"text-editor.default\">\n\t\t\t\t<div class=\"elementor-widget-container\">\n\t\t\t\t\t\t\t\t\t<h4>Facultad de Arquitectura, Dise\u00f1o y Urbanismo<br \/>\nEscuela Universitaria Centro de Dise\u00f1o, FADU, Udelar<\/h4>\n<p><strong>Rosita Di Lisi<\/strong><br \/>\nDoctorada en Dise\u00f1o, Artes y Nuevas Tecnolog\u00edas (UNICAM, Italia), 2009. Master Internacional en Dise\u00f1o de Productos (Univ. La Sapienza); Diploma de Identidad Corporativa (Elisava \u2013 CDI); Arquitecta, egresada de la Universidad Central de Venezuela.<br \/>\nProfesora Agregada, responsable del \u00c1rea Proyectual de la Escuela Universitaria Centro de<br \/>\nDise\u00f1o (EUCD), Facultad de Arquitectura, Dise\u00f1o y Urbanismo (FADU), Universidad de la<br \/>\nRep\u00fablica. Ha sido docente de dise\u00f1o en arquitectura y dise\u00f1o industrial en Uruguay, Italia y<br \/>\nVenezuela. Asistente Acad\u00e9mica, Integrante de la Comisi\u00f3n de Desarrollo Acad\u00e9mico, Comisi\u00f3n de Carrera y Comisi\u00f3n de Tesis de la EUCD, as\u00ed como de la Comisi\u00f3n de Investigaci\u00f3n, del Comit\u00e9 de Sustentabilidad y del Comit\u00e9 de Doctorado de la FADU. Docente invitada en el Master en \u201cEco-design &amp; Eco-innovazione\u201d (Italia) y en el Diploma en Dise\u00f1o de Mobiliario (Uruguay). Tuvo a su cargo la Secretar\u00eda Cient\u00edfica de la Bienal Internacional de Dise\u00f1o, edici\u00f3n 0: \u201cLaboratorio de ideas para la innovaci\u00f3n y el futuro\u201d, realizada en Italia en 2010. Ha sido responsable de grupos y proyectos de investigaci\u00f3n vinculados al dise\u00f1o y a la sustentabilidad y recientemente tambi\u00e9n vinculados al dise\u00f1o para la infancia. Ha publicado art\u00edculos en libros y revistas, y recibido premios y menciones en concursos de dise\u00f1o.<br \/>\n<strong>Contacto: +598 9998553325 | rdelisi@gmail.com<\/strong><\/p>\n<hr \/>\n<p>&nbsp;<\/p>\n<p><strong>Fernando Martinez Agustoni<br \/>\n<\/strong>Ingeniero Agr\u00f3nomo y Licenciado en Artes Visuales. Profesor Agregado Responsable. Posgraduado en la Facultad de Ingenier\u00eda de la Universidad de Buenos Aires\/ Diplomado en Altos Estudios en Dise\u00f1o en Instituto Universitario BIOS de Uruguay. Pasante del Coll\u00e8ge International de Philosophie de Paris, 1999-2000. Profesor Agregado de la FADU\/ UdelaR\/ EUCD. Responsable del Area Te\u00f3rico Metodol\u00f3gica y actualmente Director de Carrera (pro-t\u00e9mpore) de la Licenciatura en Dise\u00f1o Industrial de dicha instituci\u00f3n. En EUCD ha encargado de distintas unidades curriculares, tales como Introducci\u00f3n al Pensamiento del Dise\u00f1o, Teor\u00eda del Dise\u00f1o, Estudio de Tendencias, entre otras. Profesor Encargado de Curso en la Facultad de Artes de UdelaR. Ha desarrollado numerosos proyectos de investigaci\u00f3n y extensi\u00f3n, realizado varias publicaciones y dictado conferencias en \u00e1mbitos<br \/>\nacad\u00e9micos locales e internacionales. Miembro del Comit\u00e9 Cient\u00edfico de la Bienal Iberoamericana de Dise\u00f1o, Madrid. Corresponsal del Instituto Le NOTRE para Am\u00e9rica del Sur.<br \/>\n<strong>Contacto: +598 99118987 | fmartinezagustoni@gmail.com<\/strong><\/p>\n<hr \/>\n<p>&nbsp;<\/p>\n<p><strong>Mariana Picart<br \/>\n<\/strong>Licenciada en Artes- Artes Pl\u00e1sticas y Visuales del Instituto \u201cEscuela Nacional de Bellas Artes (asimilado a Facultad), Udelar. Present\u00f3 en marzo de 2019 su tesis titulada \u201cUna genealog\u00eda de la investigaci\u00f3n pl\u00e1stico-visual en la Universidad de la Rep\u00fablica (1990-2008)\u201d, para aspirar al t\u00edtulo de Magister en Ense\u00f1anza Universitaria,Comisi\u00f3n Sectorial de Ense\u00f1anza y \u00c1rea Social de la Udelar.<br \/>\nDocente e investigadora de la Udelar en diversas unidades curriculares de las Licenciaturas en Dise\u00f1o y Comunicaci\u00f3n Visual (FADU) y del Instituto \u201cEscuela Nacional de Bellas Artes\u201d (asimilado a Facultad) \/ FADU. Fue docente entre 2014-2016 en la Universidad de la Empresa en las de la Licenciatura en Dise\u00f1o Gr\u00e1fico, Licenciatura en Dise\u00f1o Gr\u00e1fico y la Licenciatura en Dise\u00f1o Industrial. Autora y co-autora de diversos art\u00edculos vinculados al arte, la ense\u00f1anza y aprendizajes.<br \/>\n<strong>Contacto: +598 97168870 | picart.mariana12@gmail.com<\/strong><\/p>\n\t\t\t\t\t\t\t\t<\/div>\n\t\t\t\t<\/div>\n\t\t\t\t<\/div>\n\t\t\t\t\t<\/div>\n\t\t\t\t<\/div>\n\t\t\t\t<\/div>\n\t\t<\/div><div class=\"jet-listing-grid__item jet-listing-dynamic-post-3015 jet-listing-grid--4260\" data-post-id=\"3015\"  >\t\t<div data-elementor-type=\"jet-listing-items\" data-elementor-id=\"4260\" class=\"elementor elementor-4260\" data-elementor-post-type=\"jet-engine\">\n\t\t\t\t<div class=\"elementor-element elementor-element-0ff4e2f e-flex e-con-boxed e-con e-parent\" data-id=\"0ff4e2f\" data-element_type=\"container\" data-settings=\"{&quot;background_background&quot;:&quot;classic&quot;}\">\n\t\t\t\t\t<div class=\"e-con-inner\">\n\t\t<div class=\"elementor-element elementor-element-dfe36c0 e-con-full e-flex e-con e-child\" data-id=\"dfe36c0\" data-element_type=\"container\">\n\t\t\t\t<div class=\"elementor-element elementor-element-51dac70 mi-seccion elementor-widget elementor-widget-heading\" data-id=\"51dac70\" data-element_type=\"widget\" data-widget_type=\"heading.default\">\n\t\t\t\t<div class=\"elementor-widget-container\">\n\t\t\t\t\t<h3 class=\"elementor-heading-title elementor-size-default\">8. Universidad Nacional de Villa Mar\u00eda<\/h3>\t\t\t\t<\/div>\n\t\t\t\t<\/div>\n\t\t\t\t<\/div>\n\t\t<div class=\"elementor-element elementor-element-715a23d e-con-full e-flex e-con e-child\" data-id=\"715a23d\" data-element_type=\"container\">\n\t\t\t\t<div class=\"elementor-element elementor-element-a3218c2 mi-seccion elementor-widget elementor-widget-text-editor\" data-id=\"a3218c2\" data-element_type=\"widget\" data-widget_type=\"text-editor.default\">\n\t\t\t\t<div class=\"elementor-widget-container\">\n\t\t\t\t\t\t\t\t\t<h4>Dise\u00f1o Industrial<\/h4>\n<p><strong>Lucio Garc\u00eda (Manufactura)<br \/>\n<\/strong>Docente Responsable de la asignatura Materiales y Procesos 1 (por contrato) \u2013 Carrera de Dise\u00f1o Industrial \u2013 Departamento de Ciencias B\u00e1sicas y Aplicadas \u2013 UNVM. Dictada en el Centro Universitario San Francisco (CUSF). Docente Responsable del Trabajo Integrador de Grado (por contrato) \u2013 Carrera de Dise\u00f1o Industrial \u2013 Departamento de Ciencias B\u00e1sicas y Aplicadas \u2013 UNVM. Dictada en el Centro Universitario San Francisco (CUSF).<br \/>\n<strong>di.lfgarcia@gmail.com | 0351 15120558<\/strong><\/p>\n<hr \/>\n<p>&nbsp;<\/p>\n<p><strong>Sebastian Dovis<br \/>\n<\/strong>Dise\u00f1ador Industrial (Gesti\u00f3n de proyectos)<br \/>\nSocio en Estudio Dovis-Federico. Innovaci\u00f3n y Dise\u00f1o<br \/>\nDovis &amp; Federico es una consultora en Innovaci\u00f3n, Dise\u00f1o y Gesti\u00f3n de Productos, Servicios y Marcas con 13 a\u00f1os de experiencia; 168 productos desarrollados y puestos en el mercado; 16 premios y distinciones; 82 empresas asesoradas; 30 capacitaciones a empresas e instituciones; 15 proyectos de financiaci\u00f3n de innovaci\u00f3n tecnol\u00f3gica presentados y aprobados.<br \/>\n<strong>sebastiandovis@gmail.com | 0351 156105634.<\/strong><\/p>\n<hr \/>\n<p>&nbsp;<\/p>\n<p><strong>Jos\u00e9 Guevara<br \/>\n<\/strong>(Teor\u00edas del Dise\u00f1o) (habla portugu\u00e9s) Dise\u00f1ador Industrial<br \/>\nEstudios de Post Grado<br \/>\nCarrera de Especializaci\u00f3n en la Ense\u00f1anza Universitaria de la Arquitectura y el Dise\u00f1o. Dictado por la Escuela de Graduados de la Facultad de Arquitectura Urbanismo y Dise\u00f1o. Universidad Nacional de C\u00f3rdoba. En curso, realizando actualmente el trabajo final de la Carrera.<br \/>\n<strong>dijguevara@gmail.com | 0351 152141812<\/strong><\/p>\n\t\t\t\t\t\t\t\t<\/div>\n\t\t\t\t<\/div>\n\t\t\t\t<\/div>\n\t\t\t\t\t<\/div>\n\t\t\t\t<\/div>\n\t\t\t\t<\/div>\n\t\t<\/div><div class=\"jet-listing-grid__item jet-listing-dynamic-post-3016\" data-post-id=\"3016\"  >\t\t<div data-elementor-type=\"jet-listing-items\" data-elementor-id=\"2996\" class=\"elementor elementor-2996\" data-elementor-post-type=\"jet-engine\">\n\t\t\t\t<div class=\"elementor-element elementor-element-80bb29a e-flex e-con-boxed e-con e-parent\" data-id=\"80bb29a\" data-element_type=\"container\">\n\t\t\t\t\t<div class=\"e-con-inner\">\n\t\t<div class=\"elementor-element elementor-element-5db3137 e-con-full e-flex e-con e-child\" data-id=\"5db3137\" data-element_type=\"container\">\n\t\t\t\t<div class=\"elementor-element elementor-element-069e59b mi-seccion elementor-widget elementor-widget-heading\" data-id=\"069e59b\" data-element_type=\"widget\" data-widget_type=\"heading.default\">\n\t\t\t\t<div class=\"elementor-widget-container\">\n\t\t\t\t\t<h3 class=\"elementor-heading-title elementor-size-default\">9. Universidad de B\u00edo B\u00edo- Chile<\/h3>\t\t\t\t<\/div>\n\t\t\t\t<\/div>\n\t\t\t\t<\/div>\n\t\t<div class=\"elementor-element elementor-element-86c2ebb e-con-full e-flex e-con e-child\" data-id=\"86c2ebb\" data-element_type=\"container\">\n\t\t\t\t<div class=\"elementor-element elementor-element-d5deeea mi-seccion elementor-widget elementor-widget-text-editor\" data-id=\"d5deeea\" data-element_type=\"widget\" data-widget_type=\"text-editor.default\">\n\t\t\t\t<div class=\"elementor-widget-container\">\n\t\t\t\t\t\t\t\t\t<p><strong>Soledad Quezada<\/strong><br \/>\nDOCTORADO EN PROYECTOS DE COMUNICACI\u00d3N Y TECNOL\u00d3GICAS DE LA INFORMACI\u00d3N<br \/>\nDocencia en :<\/p>\n<ul>\n<li>FOTOGRAF\u00cdA DE PRODUCTOS 2019<\/li>\n<li>INFOGRAF\u00cdA DEL PRODUCTO 2019<\/li>\n<li>PRESENTACI\u00d3N DEL PROYECTO<\/li>\n<li>COMUNICACI\u00d3N GR\u00c1FICA 2018<\/li>\n<li>INFOGRAF\u00cdA DEL PRODUCTO<\/li>\n<li>PRESENTACI\u00d3N DEL PROYECTO 2018<\/li>\n<li>COMUNICACI\u00d3N E IMAGEN GLOBAL<\/li>\n<\/ul>\n<p>&nbsp;<\/p>\n<hr \/>\n<p>&nbsp;<\/p>\n<p><strong>Jimena Alarc\u00f3n<\/strong><br \/>\nDise\u00f1adora en productos, MAG\u00cdSTER EN CONSTRUCCI\u00d3N EN MADERA, DOCTORA EN DISE\u00d1O Y COMUNICACI\u00d3N: NUEVOS FUNDAMENTOS<\/p>\n<hr \/>\n<p>&nbsp;<\/p>\n<p><strong>Gino Ormen\u0303o<\/strong><br \/>\nDISE\u00d1ADOR INDUSTRIAL, MAG\u00cdSTER EN CONSTRUCCI\u00d3N EN MADERA<\/p>\n\t\t\t\t\t\t\t\t<\/div>\n\t\t\t\t<\/div>\n\t\t\t\t<\/div>\n\t\t\t\t\t<\/div>\n\t\t\t\t<\/div>\n\t\t\t\t<\/div>\n\t\t<\/div><div class=\"jet-listing-grid__item jet-listing-dynamic-post-3017 jet-listing-grid--4260\" data-post-id=\"3017\"  >\t\t<div data-elementor-type=\"jet-listing-items\" data-elementor-id=\"4260\" class=\"elementor elementor-4260\" data-elementor-post-type=\"jet-engine\">\n\t\t\t\t<div class=\"elementor-element elementor-element-0ff4e2f e-flex e-con-boxed e-con e-parent\" data-id=\"0ff4e2f\" data-element_type=\"container\" data-settings=\"{&quot;background_background&quot;:&quot;classic&quot;}\">\n\t\t\t\t\t<div class=\"e-con-inner\">\n\t\t<div class=\"elementor-element elementor-element-dfe36c0 e-con-full e-flex e-con e-child\" data-id=\"dfe36c0\" data-element_type=\"container\">\n\t\t\t\t<div class=\"elementor-element elementor-element-51dac70 mi-seccion elementor-widget elementor-widget-heading\" data-id=\"51dac70\" data-element_type=\"widget\" data-widget_type=\"heading.default\">\n\t\t\t\t<div class=\"elementor-widget-container\">\n\t\t\t\t\t<h3 class=\"elementor-heading-title elementor-size-default\">10. Universidad Nacional de Tucum\u00e1n Facultad de Artes y Dise\u00f1o<\/h3>\t\t\t\t<\/div>\n\t\t\t\t<\/div>\n\t\t\t\t<\/div>\n\t\t<div class=\"elementor-element elementor-element-715a23d e-con-full e-flex e-con e-child\" data-id=\"715a23d\" data-element_type=\"container\">\n\t\t\t\t<div class=\"elementor-element elementor-element-a3218c2 mi-seccion elementor-widget elementor-widget-text-editor\" data-id=\"a3218c2\" data-element_type=\"widget\" data-widget_type=\"text-editor.default\">\n\t\t\t\t<div class=\"elementor-widget-container\">\n\t\t\t\t\t\t\t\t\t<p><strong>Arq. Claudio Buselli<\/strong><br \/>\nArquitecto (Universidad Nacional de Tucum\u00e1n), 1993<br \/>\nMagister en Dise\u00f1o Arquitect\u00f3nico Avanzado (Universidad de Buenos Aires), 2010<br \/>\nFundador, Coordinador y Profesor de la Carrera de Licenciatura en Dise\u00f1o Industrial. (Universidad de San Pablo \u2013 Tucum\u00e1n), 2007 \u2013 2010.<br \/>\nProf. Adjunto en \u201cDise\u00f1o de Interiores I\u201d, carrera Dise\u00f1o de Interiores y Equipamiento de la FAUNT, 2007 \u2013 2016<br \/>\nProf. Asociado en \u201cDise\u00f1o de Interiores I\u201d, carrera Dise\u00f1o de Interiores y Equipamiento FAUNT, 2016 hasta el presente.<br \/>\nCofundador y miembro del Laboratorio de Investigaci\u00f3n en Dise\u00f1o de la FAUNT<br \/>\nHa participado en Jornadas y Congresos en relaci\u00f3n a la disciplina que ense\u00f1a, con publicaciones sobre la misma.<br \/>\nTrabajos profesionales particulares realizados de Proyecto y Direcci\u00f3n T\u00e9cnica en remodelaciones, ampliaciones y obras nuevas de Viviendas y Oficinas.<br \/>\nHabla y escribe con fluidez el italiano.<br \/>\n<strong>Mail: busellic@yahoo.com.ar | Cel: 381 502-3796<\/strong><\/p>\n<hr \/>\n<p>&nbsp;<\/p>\n<p><strong>Lic. Graciela Valberdi<br \/>\n<\/strong>Licenciada en Artes y Decoradora de Interiores, Prof. Adjunta de la C\u00e1tedra Historia del Dise\u00f1o de Interiores y Equipamiento I y Prof. Asociada de Historia del Dise\u00f1o de Interiores y Equipamiento II.Ex Directora del Dpto Dise\u00f1o de la carrera Dise\u00f1o de Interiores y Equipamiento de la Facultad de Artes de la UNT. Tambi\u00e9n docente de la carrera de Lic. En Dise\u00f1o Gr\u00e1fico de la UNSTA. Escribiendo actualmente la Tesis de la Maestr\u00eda en Museolog\u00eda en la UNT. Participante en Proyectos de Investigaci\u00f3n en temas relacionados con el Arte, el Dise\u00f1o, el patrimonio y el h\u00e1bitat. Expositora en distintas Jornadas, Congresos y Encuentros con ponencias relacionadas con el dise\u00f1o, el patrimonio, la museolog\u00eda y el h\u00e1bitat. Publicaciones de art\u00edculos correspondientes. Responsable de la idea, catalogaci\u00f3n, textos y montajes museogr\u00e1ficos en distintas muestras relacionadas con trabajos de c\u00e1tedra y en museos.<br \/>\n<strong>0381-4355651 y 381-6076169 | magraval1@yahoo.com.ar, magraval1@gmail.com<\/strong><\/p>\n<hr \/>\n<p>&nbsp;<\/p>\n<p><strong>Mg. Mar\u00eda Elna Cappelli<br \/>\n<\/strong>Es Arquitecta y Decorador de Interiores por la UNT. Master en Dise\u00f1o de Interiores y Equipamiento, Universidad de Salamanca, Espa\u00f1a. Posee una \u201cEspecializaci\u00f3n en Arte Contempor\u00e1neo\u201d. Universidad Nacional de Cuyo. Se encuentra inscripta en el Doctorado de Arquitectura, Facultad de Arquitectura y Urbanismo, UNT<br \/>\nEs investigador categorizado (III) del Piunt. Como investigadora ha participado en numerosos congresos en relaci\u00f3n a su tema de investigaci\u00f3n y publicado diversos art\u00edculos en el marco de la misma.<br \/>\nCofundadora y miembro del \u201cLaboratorio de Investigaci\u00f3n de Dise\u00f1o\u201d (LIDI), de la Facultad de Artes de la UNT.<br \/>\nCofundadora del \u201cInstituto Binacional de Arte Contempor\u00e1neo y Espacio Publico\u201d de la Facultad de Artes de la UNT, Facultad de MAU\u00c1, Brasilia.<br \/>\nSe desempe\u00f1\u00f3 como Secretaria Acad\u00e9mica de la Facultad de Artes, UNT. Abril del 2011 a Septiembre 2014.<br \/>\nHa sido miembro del HCD de la FAUNT, en representaci\u00f3n del estamento auxiliares y por el estamento profesores adjuntos y asociados.<br \/>\nEs Directora del Departamento de Dise\u00f1o de la Facultad de Artes, desde 2014 a la fecha.<br \/>\nProf. Asociada c\u00e1tedra \u201cEco-dise\u00f1o\u201d (electiva) de la carrera Dise\u00f1o de Interiores y Equipamiento \u2013 FAUNT<br \/>\nEs Prof. Asociada de la c\u00e1tedra \u201cLenguaje Visual II\u201d de la carrera de Dise\u00f1o de Interiores y Equipamiento, FAUNT.<br \/>\nMiembro integrante de la Comisi\u00f3n Directiva del Colegio de dise\u00f1adores de Interiores de Tucum\u00e1n (DIE) 2016 a la fecha.<br \/>\n<strong>Mail: elncacapp@hotmail.com | Cel: 381 16239769<\/strong><\/p>\n\t\t\t\t\t\t\t\t<\/div>\n\t\t\t\t<\/div>\n\t\t\t\t<\/div>\n\t\t\t\t\t<\/div>\n\t\t\t\t<\/div>\n\t\t\t\t<\/div>\n\t\t<\/div><div class=\"jet-listing-grid__item jet-listing-dynamic-post-3019\" data-post-id=\"3019\"  >\t\t<div data-elementor-type=\"jet-listing-items\" data-elementor-id=\"2996\" class=\"elementor elementor-2996\" data-elementor-post-type=\"jet-engine\">\n\t\t\t\t<div class=\"elementor-element elementor-element-80bb29a e-flex e-con-boxed e-con e-parent\" data-id=\"80bb29a\" data-element_type=\"container\">\n\t\t\t\t\t<div class=\"e-con-inner\">\n\t\t<div class=\"elementor-element elementor-element-5db3137 e-con-full e-flex e-con e-child\" data-id=\"5db3137\" data-element_type=\"container\">\n\t\t\t\t<div class=\"elementor-element elementor-element-069e59b mi-seccion elementor-widget elementor-widget-heading\" data-id=\"069e59b\" data-element_type=\"widget\" data-widget_type=\"heading.default\">\n\t\t\t\t<div class=\"elementor-widget-container\">\n\t\t\t\t\t<h3 class=\"elementor-heading-title elementor-size-default\">11. Universidad Nacional de Misiones<\/h3>\t\t\t\t<\/div>\n\t\t\t\t<\/div>\n\t\t\t\t<\/div>\n\t\t<div class=\"elementor-element elementor-element-86c2ebb e-con-full e-flex e-con e-child\" data-id=\"86c2ebb\" data-element_type=\"container\">\n\t\t\t\t<div class=\"elementor-element elementor-element-d5deeea mi-seccion elementor-widget elementor-widget-text-editor\" data-id=\"d5deeea\" data-element_type=\"widget\" data-widget_type=\"text-editor.default\">\n\t\t\t\t<div class=\"elementor-widget-container\">\n\t\t\t\t\t\t\t\t\t<h4>Facultad de Arte y Dise\u00f1o<\/h4>\n<p><strong>Leandro Manuel Laurencena<br \/>\n<\/strong>Profesor de Morfolog\u00eda I y II, \u00c1rea Proyectual, de la Carrera Dise\u00f1o Industrial, Facultad de Artes y Dise\u00f1o, UNaM.<br \/>\nProfesor del Seminario Madera + Dise\u00f1o de Materiales Utilizando Residuos de Fabricaci\u00f3n Facultad de Artes y Dise\u00f1o, Universidad Nacional de Misiones, Ober\u00e1, Misiones.<br \/>\n<strong>Mail: laurencena@me.com | Tel: 54 11 5145 9128<\/strong><\/p>\n<hr \/>\n<p>&nbsp;<\/p>\n<p><strong>Patricio Nadal<br \/>\n<\/strong><strong>cel. +54 9 376 432-7763 | E-mail: patricionadal@hotmail.com<\/strong><\/p>\n<hr \/>\n<p>&nbsp;<\/p>\n<p><strong>Claudia Marinaro<\/strong><br \/>\n<strong>E-mail: claudia_marinaro@arnet.com.ar\u00a0 |\u00a0 <\/strong><strong>00 54 3755 42 0130 | cel. +54 9 3755 65 3101<\/strong><\/p>\n\t\t\t\t\t\t\t\t<\/div>\n\t\t\t\t<\/div>\n\t\t\t\t<\/div>\n\t\t\t\t\t<\/div>\n\t\t\t\t<\/div>\n\t\t\t\t<\/div>\n\t\t<\/div><div class=\"jet-listing-grid__item jet-listing-dynamic-post-3020 jet-listing-grid--4260\" data-post-id=\"3020\"  >\t\t<div data-elementor-type=\"jet-listing-items\" data-elementor-id=\"4260\" class=\"elementor elementor-4260\" data-elementor-post-type=\"jet-engine\">\n\t\t\t\t<div class=\"elementor-element elementor-element-0ff4e2f e-flex e-con-boxed e-con e-parent\" data-id=\"0ff4e2f\" data-element_type=\"container\" data-settings=\"{&quot;background_background&quot;:&quot;classic&quot;}\">\n\t\t\t\t\t<div class=\"e-con-inner\">\n\t\t<div class=\"elementor-element elementor-element-dfe36c0 e-con-full e-flex e-con e-child\" data-id=\"dfe36c0\" data-element_type=\"container\">\n\t\t\t\t<div class=\"elementor-element elementor-element-51dac70 mi-seccion elementor-widget elementor-widget-heading\" data-id=\"51dac70\" data-element_type=\"widget\" data-widget_type=\"heading.default\">\n\t\t\t\t<div class=\"elementor-widget-container\">\n\t\t\t\t\t<h3 class=\"elementor-heading-title elementor-size-default\">12. Universidad de Pamplona. Colombia<\/h3>\t\t\t\t<\/div>\n\t\t\t\t<\/div>\n\t\t\t\t<\/div>\n\t\t<div class=\"elementor-element elementor-element-715a23d e-con-full e-flex e-con e-child\" data-id=\"715a23d\" data-element_type=\"container\">\n\t\t\t\t<div class=\"elementor-element elementor-element-a3218c2 mi-seccion elementor-widget elementor-widget-text-editor\" data-id=\"a3218c2\" data-element_type=\"widget\" data-widget_type=\"text-editor.default\">\n\t\t\t\t<div class=\"elementor-widget-container\">\n\t\t\t\t\t\t\t\t\t<p><strong>Sandra Forero Salazar<br \/>\n<\/strong>Dise\u00f1adora Industrial. Especialista en Gesti\u00f3n de Proyectos Inform\u00e1ticos. Mag\u00edster en Educaci\u00f3n<br \/>\nACTIVIDAD ACTUAL:<br \/>\nActualmente se desempe\u00f1a como profesora asistente e investigadora del programa de Dise\u00f1o Industrial de la Universidad de Pamplona; directora del Grupo de Investigaci\u00f3n Interdisciplinar en Dise\u00f1o \u201cPUNTO\u201d; coordinadora administrativa del evento multidisciplinar INDISCRETO de la Universidad de Pamplona.<br \/>\n\u00c1REAS DE INTER\u00c9S:<br \/>\nInvestigaci\u00f3n en Dise\u00f1o, Mercadeo y Dise\u00f1o, Comportamiento del Consumidor, Ense\u00f1anza y Aprendizaje del Dise\u00f1o, Dise\u00f1o de Empaques y Embalajes.<br \/>\n<strong>sforero@unipamplona.edu.co | +57 3168309741<\/strong><\/p>\n<hr \/>\n<p>&nbsp;<\/p>\n<p><strong>Walter Camilo Su\u00e1rez Contreras<br \/>\n<\/strong>Dise\u00f1ador Industrial<br \/>\nEspecialista Tecnol\u00f3gico en Producci\u00f3n y Consumo Sostenible<br \/>\nEspecialista en Pedagog\u00eda Universitaria<br \/>\nACTIVIDAD ACTUAL:<br \/>\nActualmente se desempe\u00f1a como director\/profesor del programa de Dise\u00f1o Industrial de la Universidad de Pamplona; encargado de la gesti\u00f3n y publicidad en la Fundaci\u00f3n Herencia y Arte en el Programa Nacional de Concertaci\u00f3n Cultural del Ministerio de Cultura de Colombia.<br \/>\n\u00c1REAS DE INTER\u00c9S:<br \/>\nPedagog\u00eda del Dise\u00f1o, Herramientas digitales para el Dise\u00f1o, Investigaci\u00f3n en Dise\u00f1o.<br \/>\n<strong>walter.su\u00e1rez@unipamplona.edu.co | +57 350 7970704<\/strong><\/p>\n<hr \/>\n<p>&nbsp;<\/p>\n<p><strong>Carlos Manuel Luna Maldonado<br \/>\n<\/strong>Dise\u00f1ador Industrial<br \/>\nT\u00e9cnico Profesional en Electromedicina<br \/>\nEspecialista en Pedagog\u00eda Universitaria<br \/>\nMag\u00edster en Desarrollo Sustentable<br \/>\nACTIVIDAD ACTUAL:<br \/>\nActualmente se desempe\u00f1a como profesor asociado e investigador del programa de Dise\u00f1o Industrial de la Universidad de Pamplona; Miembro del Comit\u00e9 Acad\u00e9mico del Congreso de Ense\u00f1anza del Dise\u00f1o organizado por la Universidad de Palermo, Argentina; del Congreso Latinoamericano de Ecodise\u00f1o y del Congreso de Proyectaci\u00f3n Ambiental y Desarrollo Sustentable; Miembro del Consejo Directivo de la Asociaci\u00f3n Colombiana Red Acad\u00e9mica de Dise\u00f1o en calidad de expresidente. Par Acad\u00e9mico del Ministerio de Educaci\u00f3n Nacional \/ MEN; Miembro del grupo Vig\u00edas del Patrimonio, Pamplona y Coordinador general del evento multidisciplinar INDISCRETO de la Universidad de Pamplona.<br \/>\n\u00c1REAS DE INTER\u00c9S: Desarrollo Sustentable, Innovaci\u00f3n, Configuraci\u00f3n formal de los productos, Estrategias de Ecodise\u00f1o, Apicultura, Pedagog\u00eda y Dise\u00f1o, Ense\u00f1anza y Aprendizaje del Dise\u00f1o.<br \/>\n<strong>cmluna@unipamplona.edu.co | +57 315 2997632<\/strong><\/p>\n\t\t\t\t\t\t\t\t<\/div>\n\t\t\t\t<\/div>\n\t\t\t\t<\/div>\n\t\t\t\t\t<\/div>\n\t\t\t\t<\/div>\n\t\t\t\t<\/div>\n\t\t<\/div><div class=\"jet-listing-grid__item jet-listing-dynamic-post-3021\" data-post-id=\"3021\"  >\t\t<div data-elementor-type=\"jet-listing-items\" data-elementor-id=\"2996\" class=\"elementor elementor-2996\" data-elementor-post-type=\"jet-engine\">\n\t\t\t\t<div class=\"elementor-element elementor-element-80bb29a e-flex e-con-boxed e-con e-parent\" data-id=\"80bb29a\" data-element_type=\"container\">\n\t\t\t\t\t<div class=\"e-con-inner\">\n\t\t<div class=\"elementor-element elementor-element-5db3137 e-con-full e-flex e-con e-child\" data-id=\"5db3137\" data-element_type=\"container\">\n\t\t\t\t<div class=\"elementor-element elementor-element-069e59b mi-seccion elementor-widget elementor-widget-heading\" data-id=\"069e59b\" data-element_type=\"widget\" data-widget_type=\"heading.default\">\n\t\t\t\t<div class=\"elementor-widget-container\">\n\t\t\t\t\t<h3 class=\"elementor-heading-title elementor-size-default\">13. UAM-AZCAPOTZALCO<\/h3>\t\t\t\t<\/div>\n\t\t\t\t<\/div>\n\t\t\t\t<\/div>\n\t\t<div class=\"elementor-element elementor-element-86c2ebb e-con-full e-flex e-con e-child\" data-id=\"86c2ebb\" data-element_type=\"container\">\n\t\t\t\t<div class=\"elementor-element elementor-element-d5deeea mi-seccion elementor-widget elementor-widget-text-editor\" data-id=\"d5deeea\" data-element_type=\"widget\" data-widget_type=\"text-editor.default\">\n\t\t\t\t<div class=\"elementor-widget-container\">\n\t\t\t\t\t\t\t\t\t<p><strong>Mtro. Sergio D\u00e1vila Urrutia<br \/>\n<\/strong>theserch@gmail.com<br \/>\nDise\u00f1ador Industrial<br \/>\nProfesor de tiempo completo de la Universidad Aut\u00f3noma Metropolitana. Coordinador de la Licenciatura en Dise\u00f1o Industrial. Temas de inter\u00e9s relacionados con las nuevas tecnolog\u00edas y la fabricaci\u00f3n post-industrial. Investigaci\u00f3n acerca del dise\u00f1o abierto y la creaci\u00f3n colaborativa. \u00c1reas de experiencia en rapid prototyping e impresi\u00f3n 3d, dise\u00f1o y gesti\u00f3n de proyectos, etc.<\/p>\n<hr \/>\n<p>&nbsp;<\/p>\n<p><strong>Mtra. Maria Georgina Vargas Serrano<\/strong><br \/>\nmgvs@azc.uam.mx<br \/>\nDise\u00f1adora de la Comunicaci\u00f3n Gr\u00e1fica<br \/>\nProfesora de tiempo completo de la Universidad Aut\u00f3noma Metropolitana. Coordinadora de la Licenciatura en Dise\u00f1o de la Comunicaci\u00f3n Gr\u00e1fica. Investigadora adscrita al \u00c1rea de Nuevas Tecnolog\u00edas del Departamento de Procesos y T\u00e9cnicas de Realizaci\u00f3n. Maestra en Educaci\u00f3n egresada de la Universidad Mexicana.<\/p>\n<hr \/>\n<p>&nbsp;<\/p>\n<p><strong>D.I. Eduardo Ramos Watanave<br \/>\n<\/strong>erw@correo.azc.uam.mx<br \/>\nDise\u00f1ador Industrial<br \/>\nProfesor de tiempo completo de la Universidad Aut\u00f3noma Metropolitana. Investigador adscrito al \u00c1rea de An\u00e1lisis y Prospectiva del Dise\u00f1o del Departamento de Investigaci\u00f3n y Conocimiento del Dise\u00f1o. Con amplia experiencia en la formaci\u00f3n de revistas indexadas.<\/p>\n\t\t\t\t\t\t\t\t<\/div>\n\t\t\t\t<\/div>\n\t\t\t\t<\/div>\n\t\t\t\t\t<\/div>\n\t\t\t\t<\/div>\n\t\t\t\t<\/div>\n\t\t<\/div><div class=\"jet-listing-grid__item jet-listing-dynamic-post-3022 jet-listing-grid--4260\" data-post-id=\"3022\"  >\t\t<div data-elementor-type=\"jet-listing-items\" data-elementor-id=\"4260\" class=\"elementor elementor-4260\" data-elementor-post-type=\"jet-engine\">\n\t\t\t\t<div class=\"elementor-element elementor-element-0ff4e2f e-flex e-con-boxed e-con e-parent\" data-id=\"0ff4e2f\" data-element_type=\"container\" data-settings=\"{&quot;background_background&quot;:&quot;classic&quot;}\">\n\t\t\t\t\t<div class=\"e-con-inner\">\n\t\t<div class=\"elementor-element elementor-element-dfe36c0 e-con-full e-flex e-con e-child\" data-id=\"dfe36c0\" data-element_type=\"container\">\n\t\t\t\t<div class=\"elementor-element elementor-element-51dac70 mi-seccion elementor-widget elementor-widget-heading\" data-id=\"51dac70\" data-element_type=\"widget\" data-widget_type=\"heading.default\">\n\t\t\t\t<div class=\"elementor-widget-container\">\n\t\t\t\t\t<h3 class=\"elementor-heading-title elementor-size-default\">14. Universidad de la Serena \u2013 Chile<\/h3>\t\t\t\t<\/div>\n\t\t\t\t<\/div>\n\t\t\t\t<\/div>\n\t\t<div class=\"elementor-element elementor-element-715a23d e-con-full e-flex e-con e-child\" data-id=\"715a23d\" data-element_type=\"container\">\n\t\t\t\t<div class=\"elementor-element elementor-element-a3218c2 mi-seccion elementor-widget elementor-widget-text-editor\" data-id=\"a3218c2\" data-element_type=\"widget\" data-widget_type=\"text-editor.default\">\n\t\t\t\t<div class=\"elementor-widget-container\">\n\t\t\t\t\t\t\t\t\t<p><strong>Luis Alberto Pi\u00f1a Lobos<\/strong><br \/>\nDise\u00f1ador Industrial (Universidad de Belas Artes \u2013 Brasil), Magister en Did\u00e1ctica Proyectual (Universidad de B\u00edo B\u00edo \u2013 Chile), \u00a9 Doctor en Educaci\u00f3n con especialidad en Mediaci\u00f3n<br \/>\n(Universidad de La Salle \u2013 Costa Rica). Premio nacional \u201cHito del Bicentenario de Chile\u201d. Acad\u00e9mico de las asignaturas de Taller II de equipamiento, Taller Profesional y Ergonom\u00eda en la carrera de Dise\u00f1o de la Universidad de La Serena \u2013 Chile.<\/p>\n<p>Sus l\u00edneas de investigaci\u00f3n sobre la creatividad, los procesos y funci\u00f3n pedag\u00f3gica asociadas que convergen con el que hacer en la construcci\u00f3n de \u00e1mbitos de la ense\u00f1anza aprendizaje del Dise\u00f1o y su M\u00e9todo Proyectual.<br \/>\n<strong>Correo electr\u00f3nico: lpinal@userena.cl | Celular: 56 \u2013 984453429<\/strong><\/p>\n<hr \/>\n<p>&nbsp;<\/p>\n<p><strong>Luis Ricardo Baeza Correa<br \/>\n<\/strong>Dise\u00f1ador con menci\u00f3n en Comunicaci\u00f3n Visual, Universidad Tecnol\u00f3gica Metropolitana, Chile.<br \/>\nDoctor en Arquitectura y Urbanismo, Universidad del B\u00edo-B\u00edo, Chile.<br \/>\nProfesor de las asignaturas de Taller de Introducci\u00f3n al Dise\u00f1o, Taller Profesional de Dise\u00f1o y del electivo de Dise\u00f1o y Espacio P\u00fablico.<br \/>\nL\u00edneas de investigaci\u00f3n, Metodolog\u00eda proyectual, asociada al trabajo docente de Taller, Mobiliario Urbano y Espacio p\u00fablico.<br \/>\n<strong>+56 9 7143 6233\u202c | ricardobaezacorrea@yahoo.com<\/strong><\/p>\n<hr \/>\n<p>&nbsp;<\/p>\n<p><strong>Luis Enrique Ibarra Soto<br \/>\n<\/strong>Dise\u00f1ador menci\u00f3n Comunicaci\u00f3n Visual, Utem (Ex U. De Chile). Doctor en Comunicaci\u00f3n, UNIACC Tesis 2016. Tesis doctoral: Adopci\u00f3n de la Televisi\u00f3n Interactiva de Alta Definici\u00f3n para el desarrollo de la industria de contenidos en La Serena.<br \/>\nL\u00edneas de investigaci\u00f3n: Sociolog\u00eda de los medios, Medios de Comunicaci\u00f3n y Redes Sociales. Teor\u00eda de la Comunicaci\u00f3n, Producci\u00f3n AV para nuevos medios, Narrativas Transmedia; Software para el Dise\u00f1o, Lenguaje Digital.<\/p>\n\t\t\t\t\t\t\t\t<\/div>\n\t\t\t\t<\/div>\n\t\t\t\t<\/div>\n\t\t\t\t\t<\/div>\n\t\t\t\t<\/div>\n\t\t\t\t<\/div>\n\t\t<\/div><div class=\"jet-listing-grid__item jet-listing-dynamic-post-3023\" data-post-id=\"3023\"  >\t\t<div data-elementor-type=\"jet-listing-items\" data-elementor-id=\"2996\" class=\"elementor elementor-2996\" data-elementor-post-type=\"jet-engine\">\n\t\t\t\t<div class=\"elementor-element elementor-element-80bb29a e-flex e-con-boxed e-con e-parent\" data-id=\"80bb29a\" data-element_type=\"container\">\n\t\t\t\t\t<div class=\"e-con-inner\">\n\t\t<div class=\"elementor-element elementor-element-5db3137 e-con-full e-flex e-con e-child\" data-id=\"5db3137\" data-element_type=\"container\">\n\t\t\t\t<div class=\"elementor-element elementor-element-069e59b mi-seccion elementor-widget elementor-widget-heading\" data-id=\"069e59b\" data-element_type=\"widget\" data-widget_type=\"heading.default\">\n\t\t\t\t<div class=\"elementor-widget-container\">\n\t\t\t\t\t<h3 class=\"elementor-heading-title elementor-size-default\">15. Universidad Nacional del Litoral <\/h3>\t\t\t\t<\/div>\n\t\t\t\t<\/div>\n\t\t\t\t<\/div>\n\t\t<div class=\"elementor-element elementor-element-86c2ebb e-con-full e-flex e-con e-child\" data-id=\"86c2ebb\" data-element_type=\"container\">\n\t\t\t\t<div class=\"elementor-element elementor-element-d5deeea mi-seccion elementor-widget elementor-widget-text-editor\" data-id=\"d5deeea\" data-element_type=\"widget\" data-widget_type=\"text-editor.default\">\n\t\t\t\t<div class=\"elementor-widget-container\">\n\t\t\t\t\t\t\t\t\t<p><strong>Esp. LDCV Mercedes Nicolini<\/strong><br \/>\nDise\u00f1adora Gr\u00e1fica y Licenciada en Arte y Dise\u00f1o Multimedia. Maestranda en Comunicaci\u00f3n Digital Interactiva. Especializaci\u00f3n en Docencia en Entornos Virtuales.<br \/>\nCoordinadora del \u00e1rea de Desarrollo de Ambientes y Recursos Digitales en el marco del Centro Multimedial de Educaci\u00f3n a Distancia de la Universidad Nacional del Litoral.<br \/>\nTemas de interes:<\/p>\n<ul>\n<li>Trabajos hipermediales de divulgaci\u00f3n cientifica.<\/li>\n<li>Recursos digitales interactivos para la creaci\u00f3n de estrategias transmediales en la educaci\u00f3n superior.<\/li>\n<li>El Dise\u00f1o experiencias de la mano de las narrativas transmedia, aportes al curriculum de LDCV.<\/li>\n<\/ul>\n<p><strong><br \/>\nContacto Tel. 0342 155 080 632\u00a0 |\u00a0 mercedes.nicolini@gmail.com mercedes@unl.edu.ar<\/strong><\/p>\n<hr \/>\n<p>&nbsp;<\/p>\n<p><strong>Mg. LDCV Estefania Fantini<\/strong><br \/>\nLicenciada en Dise\u00f1o de la Comunicaci\u00f3n Visual, Mag\u00edster en Did\u00e1cticas Espec\u00edficas. Doctoranda en \u201cSentidos, Teor\u00edas y pr\u00e1cticas de la Educaci\u00f3n\u201d.<br \/>\nDirectora de la Carrera de Licenciatura en Artes visuales.<br \/>\nProfesora en Metodolog\u00eda de la Investigaci\u00f3n, y de Introducci\u00f3n a Comunicaci\u00f3n en Artes Visuales en la Licenciatura en Artes Visuales<\/p>\n<p><strong>M\u00f3vil: (0342) 156 151225\u00a0 |\u00a0 E-mail: fantini.e@gmail.com<\/strong><\/p>\n\t\t\t\t\t\t\t\t<\/div>\n\t\t\t\t<\/div>\n\t\t\t\t<\/div>\n\t\t\t\t\t<\/div>\n\t\t\t\t<\/div>\n\t\t\t\t<\/div>\n\t\t<\/div><div class=\"jet-listing-grid__item jet-listing-dynamic-post-3024 jet-listing-grid--4260\" data-post-id=\"3024\"  >\t\t<div data-elementor-type=\"jet-listing-items\" data-elementor-id=\"4260\" class=\"elementor elementor-4260\" data-elementor-post-type=\"jet-engine\">\n\t\t\t\t<div class=\"elementor-element elementor-element-0ff4e2f e-flex e-con-boxed e-con e-parent\" data-id=\"0ff4e2f\" data-element_type=\"container\" data-settings=\"{&quot;background_background&quot;:&quot;classic&quot;}\">\n\t\t\t\t\t<div class=\"e-con-inner\">\n\t\t<div class=\"elementor-element elementor-element-dfe36c0 e-con-full e-flex e-con e-child\" data-id=\"dfe36c0\" data-element_type=\"container\">\n\t\t\t\t<div class=\"elementor-element elementor-element-51dac70 mi-seccion elementor-widget elementor-widget-heading\" data-id=\"51dac70\" data-element_type=\"widget\" data-widget_type=\"heading.default\">\n\t\t\t\t<div class=\"elementor-widget-container\">\n\t\t\t\t\t<h3 class=\"elementor-heading-title elementor-size-default\">16. UPSO Universidad Provincial del Sudoeste<\/h3>\t\t\t\t<\/div>\n\t\t\t\t<\/div>\n\t\t\t\t<\/div>\n\t\t<div class=\"elementor-element elementor-element-715a23d e-con-full e-flex e-con e-child\" data-id=\"715a23d\" data-element_type=\"container\">\n\t\t\t\t<div class=\"elementor-element elementor-element-a3218c2 mi-seccion elementor-widget elementor-widget-text-editor\" data-id=\"a3218c2\" data-element_type=\"widget\" data-widget_type=\"text-editor.default\">\n\t\t\t\t<div class=\"elementor-widget-container\">\n\t\t\t\t\t\t\t\t\t<p><strong>Danna Gallego<\/strong><br \/>\nDise\u00f1adora Industrial UNLP. Posgrado en Pinturas y tratamiento y recubrimiento en los objetos de producci\u00f3n industrial.<br \/>\nCoordinadora de la Unidad de Desarrollo Industrial y Tecnol\u00f3gico de la UTN-FRBB y el CPIBB dentro de la Plataforma Tecnologica PLATEC, ente de promoci\u00f3n del desarrollo y la innovaci\u00f3n creado con el Consorcio del Parque Industrial Bah\u00eda Blanca y la Municipalidad de Bahia Blanca<br \/>\nTemas de inter\u00e9s: Envases, Fundamentos del Dise\u00f1o- Producto Industria Argentina, e Ingenier\u00eda real.<br \/>\n<strong>danna.gallego@upso.edu.ar | +54-9291-4225527<\/strong><\/p>\n<hr \/>\n<p>&nbsp;<\/p>\n<p><strong>Carla Golbek<br \/>\n<\/strong>Dise\u00f1adora Industrial de la UBA. Formaci\u00f3n en capacidades emprendedoras, Gesti\u00f3n en Pymes y, Dise\u00f1o y Negocios.<br \/>\nProfesora en Dise\u00f1o de Indumentaria en la UPSO, y Desarrollo de Productos Sustentables. Trabajo con Fieltro, tintes naturales.<br \/>\n<strong>carlagolbek@gmail.com | +54-9291-4259527<\/strong><\/p>\n<hr \/>\n<p>&nbsp;<\/p>\n<p><strong>Rodrigo Men\u00e9<br \/>\n<\/strong>Dise\u00f1ador Industrial, Mg. en Dise\u00f1o de Transporte.<br \/>\nProfesor en Introducci\u00f3n al Proyecto<br \/>\n<strong>roezme@gmail.com | +54-9291-4426669<\/strong><\/p>\n\t\t\t\t\t\t\t\t<\/div>\n\t\t\t\t<\/div>\n\t\t\t\t<\/div>\n\t\t\t\t\t<\/div>\n\t\t\t\t<\/div>\n\t\t\t\t<\/div>\n\t\t<\/div><div class=\"jet-listing-grid__item jet-listing-dynamic-post-3025\" data-post-id=\"3025\"  >\t\t<div data-elementor-type=\"jet-listing-items\" data-elementor-id=\"2996\" class=\"elementor elementor-2996\" data-elementor-post-type=\"jet-engine\">\n\t\t\t\t<div class=\"elementor-element elementor-element-80bb29a e-flex e-con-boxed e-con e-parent\" data-id=\"80bb29a\" data-element_type=\"container\">\n\t\t\t\t\t<div class=\"e-con-inner\">\n\t\t<div class=\"elementor-element elementor-element-5db3137 e-con-full e-flex e-con e-child\" data-id=\"5db3137\" data-element_type=\"container\">\n\t\t\t\t<div class=\"elementor-element elementor-element-069e59b mi-seccion elementor-widget elementor-widget-heading\" data-id=\"069e59b\" data-element_type=\"widget\" data-widget_type=\"heading.default\">\n\t\t\t\t<div class=\"elementor-widget-container\">\n\t\t\t\t\t<h3 class=\"elementor-heading-title elementor-size-default\">17. Universidad Nacional de Hurligham<\/h3>\t\t\t\t<\/div>\n\t\t\t\t<\/div>\n\t\t\t\t<\/div>\n\t\t<div class=\"elementor-element elementor-element-86c2ebb e-con-full e-flex e-con e-child\" data-id=\"86c2ebb\" data-element_type=\"container\">\n\t\t\t\t<div class=\"elementor-element elementor-element-d5deeea mi-seccion elementor-widget elementor-widget-text-editor\" data-id=\"d5deeea\" data-element_type=\"widget\" data-widget_type=\"text-editor.default\">\n\t\t\t\t<div class=\"elementor-widget-container\">\n\t\t\t\t\t\t\t\t\t<p><strong>Esp. DI Anabella Rondina<br \/>\n<\/strong>Dise\u00f1adora Industrial, Especialista en Gesti\u00f3n Estrat\u00e9gica de Dise\u00f1o \u2013 Gerenciamiento de Dise\u00f1o y de Proyecto.<br \/>\nProfesora del Taller de Dise\u00f1o Industrial<br \/>\nSubsecretaria de Planificaci\u00f3n Estrat\u00e9gica y Evaluaci\u00f3n Institucional FADU UBA<br \/>\nDirectora del Posgrado en Gesti\u00f3n Estrat\u00e9gica de Dise\u00f1o, Gerenciamiento de Dise\u00f1o y de Proyecto FADU UBA<br \/>\nDirectora Proyecto UBATIC \u201cHerramientas de evaluaci\u00f3n formativa en l\u00ednea (MiFADU) en el marco del Programa UBA-TIC \u201cPotenciar la ense\u00f1anza en el nivel superior a trav\u00e9s de las nueva tecnolog\u00edas\u201d Resoluci\u00f3n (CSUBA) Nro. 760211.<br \/>\n<strong>M\u00f3vil: 549 11-5564-6766 | E-mail: anabellarondina@gmail.com<\/strong><\/p>\n<hr \/>\n<p>&nbsp;<\/p>\n<p><strong>Mariana Massigoge<br \/>\n<\/strong>Dise\u00f1adora industrial<br \/>\nProfesora del Taller de Dise\u00f1o Industrial<br \/>\nObjeto de estudio y pr\u00e1ctica: Integraci\u00f3n del pensamiento proyectual a diferentes \u00e1mbitos educativos y sociales. Introducir metodolog\u00edas y procesos que incentiven la innovaci\u00f3n, el pensamiento divergente y la resoluci\u00f3n de problemas a partir del hacer.<br \/>\n<strong>marianamassigoge@gmail.com | Cel +549(011) 5329-7225<\/strong><\/p>\n<hr \/>\n<p>&nbsp;<\/p>\n<p><strong>Javier Castillo Cabezas<br \/>\n<\/strong>Dise\u00f1ador Industrial. Doctorando en Desarrollo Econ\u00f3mico. Magister en Pol\u00edtica y gesti\u00f3n de la ciencia y la tecnolog\u00eda.<\/p>\n<ul>\n<li>Consultor t\u00e9cnico del programa de valorizaci\u00f3n de proyectos de investigaci\u00f3n cient\u00edfico tecnol\u00f3gico. Realizaci\u00f3n de actividades de evaluaci\u00f3n de proyectos, vinculaci\u00f3n, articulaci\u00f3n y transferencia tecnol\u00f3gica en SECYT \u2013 UBA.<\/li>\n<li>Direcci\u00f3n de proyecto de investigaci\u00f3n: Demandas de capacidades tecnol\u00f3gicas de las empresas a los t\u00e9cnicos egresados de las escuelas secundarias \u2013 Proyecto INET-UNAHUR<\/li>\n<\/ul>\n<p><strong><br \/>\nTemas de inter\u00e9s:<\/strong> Vinculaci\u00f3n Cient\u00edfica Tecnol\u00f3gica, y Dise\u00f1o estrat\u00e9gico para la Innovaci\u00f3n.<\/p>\n<p><strong>castilloc.javier@gmail.com | cel. +549-11 6335 0532\u202c<\/strong><\/p>\n\t\t\t\t\t\t\t\t<\/div>\n\t\t\t\t<\/div>\n\t\t\t\t<\/div>\n\t\t\t\t\t<\/div>\n\t\t\t\t<\/div>\n\t\t\t\t<\/div>\n\t\t<\/div><div class=\"jet-listing-grid__item jet-listing-dynamic-post-3026 jet-listing-grid--4260\" data-post-id=\"3026\"  >\t\t<div data-elementor-type=\"jet-listing-items\" data-elementor-id=\"4260\" class=\"elementor elementor-4260\" data-elementor-post-type=\"jet-engine\">\n\t\t\t\t<div class=\"elementor-element elementor-element-0ff4e2f e-flex e-con-boxed e-con e-parent\" data-id=\"0ff4e2f\" data-element_type=\"container\" data-settings=\"{&quot;background_background&quot;:&quot;classic&quot;}\">\n\t\t\t\t\t<div class=\"e-con-inner\">\n\t\t<div class=\"elementor-element elementor-element-dfe36c0 e-con-full e-flex e-con e-child\" data-id=\"dfe36c0\" data-element_type=\"container\">\n\t\t\t\t<div class=\"elementor-element elementor-element-51dac70 mi-seccion elementor-widget elementor-widget-heading\" data-id=\"51dac70\" data-element_type=\"widget\" data-widget_type=\"heading.default\">\n\t\t\t\t<div class=\"elementor-widget-container\">\n\t\t\t\t\t<h3 class=\"elementor-heading-title elementor-size-default\">18. Universidad Nacional de Noreste<\/h3>\t\t\t\t<\/div>\n\t\t\t\t<\/div>\n\t\t\t\t<\/div>\n\t\t<div class=\"elementor-element elementor-element-715a23d e-con-full e-flex e-con e-child\" data-id=\"715a23d\" data-element_type=\"container\">\n\t\t\t\t<div class=\"elementor-element elementor-element-a3218c2 mi-seccion elementor-widget elementor-widget-text-editor\" data-id=\"a3218c2\" data-element_type=\"widget\" data-widget_type=\"text-editor.default\">\n\t\t\t\t<div class=\"elementor-widget-container\">\n\t\t\t\t\t\t\t\t\t<p><strong>Dr. Arq. Carlos Burgos<br \/>\n<\/strong>\u00c1rea dise\u00f1o. Investigaci\u00f3n<br \/>\n<strong>carloseduardo.burgos@gmail.com\u00a0 |\u00a0 <\/strong><strong>cel. 3794571913<\/strong><\/p>\n<hr \/>\n<p>&nbsp;<\/p>\n<p><strong>D. G. Ludmila Stricek<\/strong><br \/>\n\u00c1rea Dise\u00f1o. Proyectual<br \/>\n<strong>Puntogr\u00e1ficomax@gmail.com\u00a0 |\u00a0 <\/strong><strong>Cel. 3624557305<\/strong><\/p>\n<hr \/>\n<p>&nbsp;<\/p>\n<p><strong>Lic. Adriana Echeverr\u00eda<br \/>\n<\/strong>\u00c1rea social. Semi\u00f3tica<strong><br \/>\nAdrianaecheveria041@gmail.com\u00a0 |\u00a0 <\/strong><strong>Cel 37946036885<\/strong><\/p>\n\t\t\t\t\t\t\t\t<\/div>\n\t\t\t\t<\/div>\n\t\t\t\t<\/div>\n\t\t\t\t\t<\/div>\n\t\t\t\t<\/div>\n\t\t\t\t<\/div>\n\t\t<\/div><div class=\"jet-listing-grid__item jet-listing-dynamic-post-3027\" data-post-id=\"3027\"  >\t\t<div data-elementor-type=\"jet-listing-items\" data-elementor-id=\"2996\" class=\"elementor elementor-2996\" data-elementor-post-type=\"jet-engine\">\n\t\t\t\t<div class=\"elementor-element elementor-element-80bb29a e-flex e-con-boxed e-con e-parent\" data-id=\"80bb29a\" data-element_type=\"container\">\n\t\t\t\t\t<div class=\"e-con-inner\">\n\t\t<div class=\"elementor-element elementor-element-5db3137 e-con-full e-flex e-con e-child\" data-id=\"5db3137\" data-element_type=\"container\">\n\t\t\t\t<div class=\"elementor-element elementor-element-069e59b mi-seccion elementor-widget elementor-widget-heading\" data-id=\"069e59b\" data-element_type=\"widget\" data-widget_type=\"heading.default\">\n\t\t\t\t<div class=\"elementor-widget-container\">\n\t\t\t\t\t<h3 class=\"elementor-heading-title elementor-size-default\">19. Universidad Nacional de Avellaneda<\/h3>\t\t\t\t<\/div>\n\t\t\t\t<\/div>\n\t\t\t\t<\/div>\n\t\t<div class=\"elementor-element elementor-element-86c2ebb e-con-full e-flex e-con e-child\" data-id=\"86c2ebb\" data-element_type=\"container\">\n\t\t\t\t<div class=\"elementor-element elementor-element-d5deeea mi-seccion elementor-widget elementor-widget-text-editor\" data-id=\"d5deeea\" data-element_type=\"widget\" data-widget_type=\"text-editor.default\">\n\t\t\t\t<div class=\"elementor-widget-container\">\n\t\t\t\t\t\t\t\t\t<p><strong>Laura Nieves<br \/>\n<\/strong>Dise\u00f1adora industrial (UBA) Curs\u00f3 la \u201cMaestr\u00eda en Est\u00e9ticas Contempor\u00e1neas Latinoamericanas\u201d de la UNDAV, se encuentra esperando la fecha de defensa de tesis, cuyo tema es \u201cPensar y hacer descolonial en el arte tecnol\u00f3gico Latinoamericano. Procedimientos y materialidades que permiten descolonizar el uso de la tecnolog\u00eda \u2013desde la tecnolog\u00eda misma- en instalaciones del arte tecnol\u00f3gico Latinoamericano.\u201d<\/p>\n<p>Docente-Investigadora. Dirige y participa en varios proyectos vinculados al arte tecnol\u00f3gico, materialidades y temas de g\u00e9nero. Es directora del proyecto \u201cElectr\u00f3nica de g\u00e9nero: experimentaci\u00f3n en formas de trabajo y nuevos materiales textiles a partir de la reutilizaci\u00f3n de basura electronica.\u201d Es directora de la Materia Avellaneda, materialoteca de residuos industriales de la UNDAV. . Directora de proyecto investigaci\u00f3n \u201cRob\u00f3tica Alternativa. Otra mirada de la educaci\u00f3n rob\u00f3tica\u201d de la UNTREF<br \/>\nDocente de postgrado en la \u201cMaestria en Tecnolog\u00eda y Est\u00e9tica de las Artes Electr\u00f3nicas\u201d de la UNTREF Argentina.<br \/>\nCo-fundadora de Espacio Nixso, laboratorio de proyectos art\u00edsticos que funciona dentro de una ex planta industrial del barrio de Barracas, espacio dedicado a la difusi\u00f3n de conocimiento tecnol\u00f3gico para artistas, escuelas y ni\u00f1os. Proyecto ganador del Fondo Metropolitano 2018, Fondo Cultura 2014 y declarado de Inter\u00e9s Cultural por el programa Mecenazgo 2015 y 2018. (www.espacionixso.com.ar).<br \/>\nDesarrolla actividades educativas y talleres vinculados al arte y la tecnolog\u00eda en diversas instituciones: Espacio Fundaci\u00f3n Telef\u00f3nica, Centro Cultural Kirchner, Ministerio de Cultura de la Naci\u00f3n, EDUC.AR, Chicos.Net, Museo del Juguete de San Isidro, CPAU entre otros.<br \/>\nSu obra art\u00edstica particip\u00f3 de varias muestras colectivas, tanto nacionales como ArteBA, Sal\u00f3n Nacional, Muntref, Centro Cultural Recoleta, como en muestras internacionales como Voltaje en Colombia y en la University of Washintong en Seattle.<br \/>\n<strong>Contacto: launieves@gmail.com | Tel\u00e9fono: +54 9 11 6563 4851<\/strong><\/p>\n<hr \/>\n<p>&nbsp;<\/p>\n<p><strong>Marcela Vio<\/strong><br \/>\nArquitecta (UBA), Doctora en Ciencias Sociales por FLACSO Argentina (2018) y la MSc in the Built Environment (DPU) University College of London. Especialista en estudios sociales y urbanos del Conurbano Bonaerense. Investigadora del Consejo Nacional de Investigaciones Cient\u00edficas y Tecnol\u00f3gicas (CONICET).<br \/>\nSe ha desempe\u00f1ado como docente investigadora en el Instituto del Conurbano de la Universidad Nacional de General Sarmiento entre 1997 y 2008. Actualmente es profesora de la FADU-UBA y de la UNDAV en el Taller de Tesis de Dise\u00f1o Industrial, participa como docente en diferentes instancias de posgrado en materias referidas a la econom\u00eda urbana y el desarrollo territorial. En el marco de su labor acad\u00e9mica ha obtenido recientemente financiamiento del Ministerio de Educaci\u00f3n de la Naci\u00f3n en la Convocatoria \u201cConsenso del Sur\u201d para el desarrollo del proyecto \u201cReconfiguraciones de la econom\u00eda popular en la posconvertibilidad\u201d y el 2\u00b0 premio en la categor\u00eda \u201cInvestigadores y Docentes\u201d del Concurso Bialet Masse del Ministerio de Trabajo de la Provincia de Buenos Aires, con el trabajo: \u201cCondiciones de vida y estrategias de reproducci\u00f3n social de los sectores populares del Conurbano Bonaerense. Matrices pol\u00edtico territoriales y especializaci\u00f3n territorial de la econom\u00eda popular\u201d.<br \/>\nEntre sus libros publicados se cuentan: La trama social de la Econom\u00eda Popular (Editorial Espacio, 2014); Pol\u00edticas del h\u00e1bitat, desigualdad y segregaci\u00f3n socioespacial en el AMBA (Editorial Prometeo) y La geograf\u00eda de la industria en la Regi\u00f3n Metropolitana de Buenos Aires (UNGS). Su \u00faltimo trabajo \u201cPanor\u00e1micas de la producci\u00f3n en el Conurbano\u201d forma parte del vol. VI dirigido por G. Kessler, de la colecci\u00f3n \u201cHistoria de la Provincia de Buenos Aires\u201d editado en 2015 por UNIPE.<br \/>\n<strong>Contacto: marcelavio@gmail.com | Tel\u00e9fono: +549 11 6846 5865<\/strong><\/p>\n<hr \/>\n<p>&nbsp;<\/p>\n<p><strong>Juan Pablo L\u00f3pez Coronel<br \/>\n<\/strong>Dise\u00f1ador industrial (UBA) Es Magister en L\u00f3gica y T\u00e9cnica de la Forma por la FADU, UBA (2018). Es docente universitario en la UBA y UNDAV. Profesor titular de Dise\u00f1o 4, Tecnicatura de Dise\u00f1o de Marcas y Envases, UNDAV (2013 \u2013 actual). Profesor titular de Morfolog\u00eda 3, Tecnicatura de Dise\u00f1o de Marcas y Envases y Licenciatura en Dise\u00f1o Industrial, UNDAV (2015 \u2013 actual). Jefe de Trabajos Pr\u00e1cticos Interino Dedicaci\u00f3n Parcial Instituto de la Espacialidad Humana, FADU \u2013 UBA (2014 \u2013 actual). Docente libre Ad Honorem en Forma y Matem\u00e1tica, Maestr\u00eda de L\u00f3gica y T\u00e9cnica de la Forma. Jefe de Trabajos Pr\u00e1cticos Regular Dedicaci\u00f3n Parcial, Morfolog\u00eda Especial I, C\u00e1tedra Mu\u00f1oz, Carrera de Dise\u00f1o Industrial FADU \u2013 UBA (1992 \u2013 2016). Profesor titular de T\u00e9cnicas de representaci\u00f3n 3, Carrera de Dise\u00f1o de Productos, Instituto de Tecnolog\u00eda ORT (1994 \u2013 2012). Profesor titular de Inform\u00e1tica II, Carrera de Dise\u00f1o de Productos, Instituto de Tecnolog\u00eda ORT (1994 \u2013 2008).<br \/>\nTambi\u00e9n es parte de la comisi\u00f3n directiva de SEMA, Sociedad de Estudios Morfol\u00f3gicos Argentinos.<br \/>\nForm\u00f3 parte del equipo que gan\u00f3 el primer premio del concurso Arcitec 2018, en la categor\u00eda Arte Tecnol\u00f3gico, por el desarrollo de la obra Tradescantia, simil de los p\u00e9talos de la flor hom\u00f3nima, con mecatr\u00f3nica impresa en 3d, creada junto a Claudia Valente , Leandro Barbeito y Nic Motta.<br \/>\nEn el campo de la ingenier\u00eda y el dise\u00f1o industrial se crean objetos utilizando programas de dibujo en tres dimensiones (3D) orientados a la fabricaci\u00f3n (CAD\/CAM). Desde el a\u00f1o 1994 desarrolla y modela formas complejas para dise\u00f1ar productos que requieren grandes inversiones en matricer\u00eda.<br \/>\nSu especialidad reside en combinar los conocimientos de generaci\u00f3n de formas nuevas y las t\u00e9cnicas de modelado tridimensional que utilizan los sistemas CAD 3D.<br \/>\n<strong>Contacto: info@jlopezcoronel.com.ar | Tel\u00e9fono: +549 11 4937 1918<\/strong><\/p>\n\t\t\t\t\t\t\t\t<\/div>\n\t\t\t\t<\/div>\n\t\t\t\t<\/div>\n\t\t\t\t\t<\/div>\n\t\t\t\t<\/div>\n\t\t\t\t<\/div>\n\t\t<\/div><div class=\"jet-listing-grid__item jet-listing-dynamic-post-3028 jet-listing-grid--4260\" data-post-id=\"3028\"  >\t\t<div data-elementor-type=\"jet-listing-items\" data-elementor-id=\"4260\" class=\"elementor elementor-4260\" data-elementor-post-type=\"jet-engine\">\n\t\t\t\t<div class=\"elementor-element elementor-element-0ff4e2f e-flex e-con-boxed e-con e-parent\" data-id=\"0ff4e2f\" data-element_type=\"container\" data-settings=\"{&quot;background_background&quot;:&quot;classic&quot;}\">\n\t\t\t\t\t<div class=\"e-con-inner\">\n\t\t<div class=\"elementor-element elementor-element-dfe36c0 e-con-full e-flex e-con e-child\" data-id=\"dfe36c0\" data-element_type=\"container\">\n\t\t\t\t<div class=\"elementor-element elementor-element-51dac70 mi-seccion elementor-widget elementor-widget-heading\" data-id=\"51dac70\" data-element_type=\"widget\" data-widget_type=\"heading.default\">\n\t\t\t\t<div class=\"elementor-widget-container\">\n\t\t\t\t\t<h3 class=\"elementor-heading-title elementor-size-default\">20. Universidad de Buenos Aires. UBA, FADU.<\/h3>\t\t\t\t<\/div>\n\t\t\t\t<\/div>\n\t\t\t\t<\/div>\n\t\t<div class=\"elementor-element elementor-element-715a23d e-con-full e-flex e-con e-child\" data-id=\"715a23d\" data-element_type=\"container\">\n\t\t\t\t<div class=\"elementor-element elementor-element-a3218c2 mi-seccion elementor-widget elementor-widget-text-editor\" data-id=\"a3218c2\" data-element_type=\"widget\" data-widget_type=\"text-editor.default\">\n\t\t\t\t<div class=\"elementor-widget-container\">\n\t\t\t\t\t\t\t\t\t<p><strong>Sebasti\u00e1n Gallo, Dise\u00f1ador Gr\u00e1fico.<br \/>\n<\/strong>Titular de Fotograf\u00eda, Profesor Adjunto del Taller de Dise\u00f1o Gr\u00e1fico.<br \/>\n\u00c1reas de inter\u00e9s: dise\u00f1o persuasivo, dise\u00f1o y educaci\u00f3n, dise\u00f1o social, identidad, imagen.<br \/>\n<strong>Cel +54 9 11 5345 9802\u202c | sebastian.gallo@fadu.uba.ar<\/strong><\/p>\n<hr \/>\n<p>&nbsp;<\/p>\n<p><strong>Anabella Speziale<br \/>\n<\/strong>Doctora en Dise\u00f1o. Dise\u00f1adora de Imagen y Sonido<br \/>\n\u00c1reas de inter\u00e9s: Dise\u00f1o Audiovisual, Teor\u00edas de los Medios, Teor\u00edas Audiovisuales, Est\u00e9ticas contempor\u00e1neas, Estudios Culturales, Sociolog\u00eda de la cultura y del arte.<br \/>\n<strong>anabellaspeziale@gmail.com | cel. +54-911-5135 7203<\/strong><\/p>\n<hr \/>\n<p>&nbsp;<\/p>\n<p><strong>Luis Campos<br \/>\n<\/strong>Dise\u00f1ador de Imagen y Sonido<br \/>\nTitular de medios expresivos en la Carrera de Imagen y Sonido, y Carrera de Dise\u00f1o Gr\u00e1fico<br \/>\nhttp:\/\/www.luiscampos.com.ar\/<br \/>\n<strong>luiscamposcaceres@gmail.com | Cel. +54911 6493 9754\u202c<\/strong><\/p>\n\t\t\t\t\t\t\t\t<\/div>\n\t\t\t\t<\/div>\n\t\t\t\t<\/div>\n\t\t\t\t\t<\/div>\n\t\t\t\t<\/div>\n\t\t\t\t<\/div>\n\t\t<\/div><div class=\"jet-listing-grid__item jet-listing-dynamic-post-3029\" data-post-id=\"3029\"  >\t\t<div data-elementor-type=\"jet-listing-items\" data-elementor-id=\"2996\" class=\"elementor elementor-2996\" data-elementor-post-type=\"jet-engine\">\n\t\t\t\t<div class=\"elementor-element elementor-element-80bb29a e-flex e-con-boxed e-con e-parent\" data-id=\"80bb29a\" data-element_type=\"container\">\n\t\t\t\t\t<div class=\"e-con-inner\">\n\t\t<div class=\"elementor-element elementor-element-5db3137 e-con-full e-flex e-con e-child\" data-id=\"5db3137\" data-element_type=\"container\">\n\t\t\t\t<div class=\"elementor-element elementor-element-069e59b mi-seccion elementor-widget elementor-widget-heading\" data-id=\"069e59b\" data-element_type=\"widget\" data-widget_type=\"heading.default\">\n\t\t\t\t<div class=\"elementor-widget-container\">\n\t\t\t\t\t<h3 class=\"elementor-heading-title elementor-size-default\">21. Universidad del trabajo de Uruguay (UTU)<\/h3>\t\t\t\t<\/div>\n\t\t\t\t<\/div>\n\t\t\t\t<\/div>\n\t\t<div class=\"elementor-element elementor-element-86c2ebb e-con-full e-flex e-con e-child\" data-id=\"86c2ebb\" data-element_type=\"container\">\n\t\t\t\t<div class=\"elementor-element elementor-element-d5deeea mi-seccion elementor-widget elementor-widget-text-editor\" data-id=\"d5deeea\" data-element_type=\"widget\" data-widget_type=\"text-editor.default\">\n\t\t\t\t<div class=\"elementor-widget-container\">\n\t\t\t\t\t\t\t\t\t<p><strong>Silvia D\u00edaz Furtado<br \/>\nTemas:<\/strong> Dise\u00f1o e Innovaci\u00f3n, Dise\u00f1o y g\u00e9nero, Inclusi\u00f3n, Gesti\u00f3n de proyectos de dise\u00f1o, Experiencia de Usuario, Dise\u00f1o y salud.<br \/>\n<strong>E.mail: silviadiazf@gmail.com | Cel: +598 98138679<\/strong><\/p>\n<hr \/>\n<p>&nbsp;<\/p>\n<p><strong>Lourdes Chiriff Telis<br \/>\n<\/strong><strong>Temas :<\/strong> Educaci\u00f3n y G\u00e9nero Trayectorias de mujeres en Educaci\u00f3n Retos y Oportunidades para la igualdad de G\u00e9nero en la Educaci\u00f3n.<br \/>\n<strong>Mail: chirifflourdes.utu@gmail.com | Cel: +598 99977160<\/strong><\/p>\n<hr \/>\n<p>&nbsp;<\/p>\n<p><strong>Alejandra Mart\u00ednez<br \/>\n<\/strong><strong>Temas:<\/strong> Dise\u00f1o y Pol\u00edticas p\u00fablicas, Dise\u00f1o e Innovaci\u00f3n social, Dise\u00f1o y educaci\u00f3n, Dise\u00f1o y participaci\u00f3n, Dise\u00f1o estrat\u00e9gico.<br \/>\n<strong>Cel: +598 99659376 | Mail: amartinez@utu.edu.uy<\/strong><\/p>\n\t\t\t\t\t\t\t\t<\/div>\n\t\t\t\t<\/div>\n\t\t\t\t<\/div>\n\t\t\t\t\t<\/div>\n\t\t\t\t<\/div>\n\t\t\t\t<\/div>\n\t\t<\/div><\/div><\/div>\t\t\t\t<\/div>\n\t\t\t\t<\/div>\n\t\t\t\t<\/div>\n\t\t\t\t<\/div>\n\t\t","protected":false},"excerpt":{"rendered":"<p>2019. Comit\u00e9 Editorial DiSUR<\/p>\n","protected":false},"author":1,"featured_media":0,"parent":0,"menu_order":0,"comment_status":"closed","ping_status":"closed","template":"","meta":{"footnotes":""},"class_list":["post-1715","page","type-page","status-publish","hentry"],"_links":{"self":[{"href":"https:\/\/disur.edu.ar\/index.php\/wp-json\/wp\/v2\/pages\/1715","targetHints":{"allow":["GET"]}}],"collection":[{"href":"https:\/\/disur.edu.ar\/index.php\/wp-json\/wp\/v2\/pages"}],"about":[{"href":"https:\/\/disur.edu.ar\/index.php\/wp-json\/wp\/v2\/types\/page"}],"author":[{"embeddable":true,"href":"https:\/\/disur.edu.ar\/index.php\/wp-json\/wp\/v2\/users\/1"}],"replies":[{"embeddable":true,"href":"https:\/\/disur.edu.ar\/index.php\/wp-json\/wp\/v2\/comments?post=1715"}],"version-history":[{"count":31,"href":"https:\/\/disur.edu.ar\/index.php\/wp-json\/wp\/v2\/pages\/1715\/revisions"}],"predecessor-version":[{"id":4517,"href":"https:\/\/disur.edu.ar\/index.php\/wp-json\/wp\/v2\/pages\/1715\/revisions\/4517"}],"wp:attachment":[{"href":"https:\/\/disur.edu.ar\/index.php\/wp-json\/wp\/v2\/media?parent=1715"}],"curies":[{"name":"wp","href":"https:\/\/api.w.org\/{rel}","templated":true}]}}